{"id":6593,"date":"2020-01-09T23:57:11","date_gmt":"2020-01-09T22:57:11","guid":{"rendered":"https:\/\/renaud-reynek.com\/catalogue-editorial\/uncategorized\/collective-bohuslav-reynek-limage-dans-loeuvre-poetique-et-graphique-1997\/"},"modified":"2021-02-14T21:12:05","modified_gmt":"2021-02-14T20:12:05","slug":"collective-bohuslav-reynek-limage-dans-loeuvre-poetique-et-graphique-1997","status":"publish","type":"product","link":"https:\/\/renaud-reynek.com\/en\/catalogue-editorial\/bohuslav-reynek-en\/collective-bohuslav-reynek-limage-dans-loeuvre-poetique-et-graphique-1997\/","title":{"rendered":"Collective <br><i>Bohuslav Reynek. L\u2019image dans l\u2019\u0153uvre po\u00e9tique et graphique<\/i>.<br>[<i>The Image in the Poetic and Graphic Work<\/i>].<br>1997"},"content":{"rendered":"<p><strong><em>Format 21 x 21 cm.<br \/>\n<\/em><\/strong><strong><em>60 pages. Softbound, illustrated cover.<br \/>\n<\/em><\/strong><strong><em>ISBN : 2\u2013910544\u201304\u20134<\/em><\/strong><\/p>\n<p>Published by Romarin, Grenoble 1997.<br \/>\nLanguage: French<br \/>\nForeword by Serge Lemoine. Texts of M. Reynek,<br \/>\nA. Appercelle, T. Dufr\u00eane, O. F\u00e9lix-Faure, X. Galmiche,<br \/>\nS. Germain, M. Hlav\u00e1\u010dkov\u00e1, V. Jirousov\u00e1, J. Med, J. Mlejnek,<br \/>\nA. Pizerra, J. \u0160er\u00fdch, J. Vladislav.<br \/>\nPostface by X. Galmiche. Notes, chronology.<br \/>\nIllustrations: fifteen works by Bohuslav Reynek in color, five works by Bohuslav Reynek in black and white, works by various artists, photographs.<\/p>\n","protected":false},"excerpt":{"rendered":"<p><em>L\u2019image dans l\u2019\u0153uvre po\u00e9tique et graphique de Bohuslav Reynek<\/em> [<em>The Image in the Poetic and Graphic Work<\/em>] was published for the Bohuslav Reynek exhibition at the Mus\u00e9e de Grenoble (Tour de l\u2019Isle, 30\/11\/1997-26\/1\/1998) and a day of meetings at the museum on 17 January 1998. The booklet brings together texts written by writers and critics from two countries, France and the Czech Republic, who enlighten French readers on the work of a Czech creator recognized in his country as one of the twentieth century\u2019s leading artists and poets. Poems by Reynek translated into French for the first time and twenty reproductions of his drawings and engravings demonstrating his development appear with the author\u2019s texts.<\/p>\n","protected":false},"featured_media":1318,"comment_status":"open","ping_status":"closed","template":"","meta":{"_acf_changed":false},"product_brand":[],"product_cat":[209,248],"product_tag":[],"class_list":{"0":"post-6593","1":"product","2":"type-product","3":"status-publish","4":"has-post-thumbnail","6":"product_cat-bohuslav-reynek-en","7":"product_cat-collective-en","9":"first","10":"instock","11":"shipping-taxable","12":"purchasable","13":"product-type-simple"},"acf":[],"yoast_head":"<!-- This site is optimized with the Yoast SEO plugin v27.4 - https:\/\/yoast.com\/product\/yoast-seo-wordpress\/ -->\n<title>Association Romarin - Collective Bohuslav Reynek. L\u2019image dans l\u2019\u0153uvre po\u00e9tique et graphique.[The Image in the Poetic and Graphic Work].1997<\/title>\n<meta name=\"description\" content=\"Site de l&#039;Association Romarin. D\u00e9couvrez les \u0153uvres du graveur tch\u00e8que Bohuslav Reynek et de Suzanne Renaud, po\u00e8te, son \u00e9pouse grenobloise.\" \/>\n<meta name=\"robots\" content=\"index, follow, max-snippet:-1, max-image-preview:large, max-video-preview:-1\" \/>\n<link rel=\"canonical\" href=\"https:\/\/renaud-reynek.com\/en\/catalogue-editorial\/bohuslav-reynek-en\/collective-bohuslav-reynek-limage-dans-loeuvre-poetique-et-graphique-1997\/\" \/>\n<meta property=\"og:locale\" content=\"en_US\" \/>\n<meta property=\"og:type\" content=\"article\" \/>\n<meta property=\"og:title\" content=\"Association Romarin - Collective Bohuslav Reynek. L\u2019image dans l\u2019\u0153uvre po\u00e9tique et graphique.[The Image in the Poetic and Graphic Work].1997\" \/>\n<meta property=\"og:description\" content=\"Site de l&#039;Association Romarin. D\u00e9couvrez les \u0153uvres du graveur tch\u00e8que Bohuslav Reynek et de Suzanne Renaud, po\u00e8te, son \u00e9pouse grenobloise.\" \/>\n<meta property=\"og:url\" content=\"https:\/\/renaud-reynek.com\/en\/catalogue-editorial\/bohuslav-reynek-en\/collective-bohuslav-reynek-limage-dans-loeuvre-poetique-et-graphique-1997\/\" \/>\n<meta property=\"og:site_name\" content=\"Association Romarin\" \/>\n<meta property=\"article:modified_time\" content=\"2021-02-14T20:12:05+00:00\" \/>\n<meta property=\"og:image\" content=\"https:\/\/renaud-reynek.com\/wp-content\/uploads\/2020\/01\/BR_Limage1997.jpg\" \/>\n\t<meta property=\"og:image:width\" content=\"1000\" \/>\n\t<meta property=\"og:image:height\" content=\"1000\" \/>\n\t<meta property=\"og:image:type\" content=\"image\/jpeg\" \/>\n<meta name=\"twitter:card\" content=\"summary_large_image\" \/>\n<script type=\"application\/ld+json\" class=\"yoast-schema-graph\">{\"@context\":\"https:\\\/\\\/schema.org\",\"@graph\":[{\"@type\":\"WebPage\",\"@id\":\"https:\\\/\\\/renaud-reynek.com\\\/en\\\/catalogue-editorial\\\/bohuslav-reynek-en\\\/collective-bohuslav-reynek-limage-dans-loeuvre-poetique-et-graphique-1997\\\/\",\"url\":\"https:\\\/\\\/renaud-reynek.com\\\/en\\\/catalogue-editorial\\\/bohuslav-reynek-en\\\/collective-bohuslav-reynek-limage-dans-loeuvre-poetique-et-graphique-1997\\\/\",\"name\":\"Association Romarin - Collective Bohuslav Reynek. L\u2019image dans l\u2019\u0153uvre po\u00e9tique et graphique. [The Image in the Poetic and Graphic Work]. 1997\",\"isPartOf\":{\"@id\":\"https:\\\/\\\/renaud-reynek.com\\\/en\\\/#website\"},\"primaryImageOfPage\":{\"@id\":\"https:\\\/\\\/renaud-reynek.com\\\/en\\\/catalogue-editorial\\\/bohuslav-reynek-en\\\/collective-bohuslav-reynek-limage-dans-loeuvre-poetique-et-graphique-1997\\\/#primaryimage\"},\"image\":{\"@id\":\"https:\\\/\\\/renaud-reynek.com\\\/en\\\/catalogue-editorial\\\/bohuslav-reynek-en\\\/collective-bohuslav-reynek-limage-dans-loeuvre-poetique-et-graphique-1997\\\/#primaryimage\"},\"thumbnailUrl\":\"https:\\\/\\\/renaud-reynek.com\\\/wp-content\\\/uploads\\\/2020\\\/01\\\/BR_Limage1997.jpg\",\"datePublished\":\"2020-01-09T22:57:11+00:00\",\"dateModified\":\"2021-02-14T20:12:05+00:00\",\"description\":\"Site de l'Association Romarin. D\u00e9couvrez les \u0153uvres du graveur tch\u00e8que Bohuslav Reynek et de Suzanne Renaud, po\u00e8te, son \u00e9pouse grenobloise.\",\"breadcrumb\":{\"@id\":\"https:\\\/\\\/renaud-reynek.com\\\/en\\\/catalogue-editorial\\\/bohuslav-reynek-en\\\/collective-bohuslav-reynek-limage-dans-loeuvre-poetique-et-graphique-1997\\\/#breadcrumb\"},\"inLanguage\":\"en-US\",\"potentialAction\":[{\"@type\":\"ReadAction\",\"target\":[\"https:\\\/\\\/renaud-reynek.com\\\/en\\\/catalogue-editorial\\\/bohuslav-reynek-en\\\/collective-bohuslav-reynek-limage-dans-loeuvre-poetique-et-graphique-1997\\\/\"]}]},{\"@type\":\"ImageObject\",\"inLanguage\":\"en-US\",\"@id\":\"https:\\\/\\\/renaud-reynek.com\\\/en\\\/catalogue-editorial\\\/bohuslav-reynek-en\\\/collective-bohuslav-reynek-limage-dans-loeuvre-poetique-et-graphique-1997\\\/#primaryimage\",\"url\":\"https:\\\/\\\/renaud-reynek.com\\\/wp-content\\\/uploads\\\/2020\\\/01\\\/BR_Limage1997.jpg\",\"contentUrl\":\"https:\\\/\\\/renaud-reynek.com\\\/wp-content\\\/uploads\\\/2020\\\/01\\\/BR_Limage1997.jpg\",\"width\":1000,\"height\":1000},{\"@type\":\"BreadcrumbList\",\"@id\":\"https:\\\/\\\/renaud-reynek.com\\\/en\\\/catalogue-editorial\\\/bohuslav-reynek-en\\\/collective-bohuslav-reynek-limage-dans-loeuvre-poetique-et-graphique-1997\\\/#breadcrumb\",\"itemListElement\":[{\"@type\":\"ListItem\",\"position\":1,\"name\":\"Accueil\",\"item\":\"https:\\\/\\\/renaud-reynek.com\\\/en\\\/\"},{\"@type\":\"ListItem\",\"position\":2,\"name\":\"Products\",\"item\":\"https:\\\/\\\/renaud-reynek.com\\\/en\\\/shop\\\/\"},{\"@type\":\"ListItem\",\"position\":3,\"name\":\"Collective Bohuslav Reynek. L\u2019image dans l\u2019\u0153uvre po\u00e9tique et graphique.[The Image in the Poetic and Graphic Work].1997\"}]},{\"@type\":\"WebSite\",\"@id\":\"https:\\\/\\\/renaud-reynek.com\\\/en\\\/#website\",\"url\":\"https:\\\/\\\/renaud-reynek.com\\\/en\\\/\",\"name\":\"Association Romarin\",\"description\":\"Les Amis de Suzanne Renaud et Bohuslav Reynek\",\"potentialAction\":[{\"@type\":\"SearchAction\",\"target\":{\"@type\":\"EntryPoint\",\"urlTemplate\":\"https:\\\/\\\/renaud-reynek.com\\\/en\\\/?s={search_term_string}\"},\"query-input\":{\"@type\":\"PropertyValueSpecification\",\"valueRequired\":true,\"valueName\":\"search_term_string\"}}],\"inLanguage\":\"en-US\"}]}<\/script>\n<!-- \/ Yoast SEO plugin. -->","yoast_head_json":{"title":"Association Romarin - Collective Bohuslav Reynek. L\u2019image dans l\u2019\u0153uvre po\u00e9tique et graphique.[The Image in the Poetic and Graphic Work].1997","description":"Site de l'Association Romarin. D\u00e9couvrez les \u0153uvres du graveur tch\u00e8que Bohuslav Reynek et de Suzanne Renaud, po\u00e8te, son \u00e9pouse grenobloise.","robots":{"index":"index","follow":"follow","max-snippet":"max-snippet:-1","max-image-preview":"max-image-preview:large","max-video-preview":"max-video-preview:-1"},"canonical":"https:\/\/renaud-reynek.com\/en\/catalogue-editorial\/bohuslav-reynek-en\/collective-bohuslav-reynek-limage-dans-loeuvre-poetique-et-graphique-1997\/","og_locale":"en_US","og_type":"article","og_title":"Association Romarin - Collective Bohuslav Reynek. L\u2019image dans l\u2019\u0153uvre po\u00e9tique et graphique.[The Image in the Poetic and Graphic Work].1997","og_description":"Site de l'Association Romarin. D\u00e9couvrez les \u0153uvres du graveur tch\u00e8que Bohuslav Reynek et de Suzanne Renaud, po\u00e8te, son \u00e9pouse grenobloise.","og_url":"https:\/\/renaud-reynek.com\/en\/catalogue-editorial\/bohuslav-reynek-en\/collective-bohuslav-reynek-limage-dans-loeuvre-poetique-et-graphique-1997\/","og_site_name":"Association Romarin","article_modified_time":"2021-02-14T20:12:05+00:00","og_image":[{"width":1000,"height":1000,"url":"https:\/\/renaud-reynek.com\/wp-content\/uploads\/2020\/01\/BR_Limage1997.jpg","type":"image\/jpeg"}],"twitter_card":"summary_large_image","schema":{"@context":"https:\/\/schema.org","@graph":[{"@type":"WebPage","@id":"https:\/\/renaud-reynek.com\/en\/catalogue-editorial\/bohuslav-reynek-en\/collective-bohuslav-reynek-limage-dans-loeuvre-poetique-et-graphique-1997\/","url":"https:\/\/renaud-reynek.com\/en\/catalogue-editorial\/bohuslav-reynek-en\/collective-bohuslav-reynek-limage-dans-loeuvre-poetique-et-graphique-1997\/","name":"Association Romarin - Collective Bohuslav Reynek. L\u2019image dans l\u2019\u0153uvre po\u00e9tique et graphique. [The Image in the Poetic and Graphic Work]. 1997","isPartOf":{"@id":"https:\/\/renaud-reynek.com\/en\/#website"},"primaryImageOfPage":{"@id":"https:\/\/renaud-reynek.com\/en\/catalogue-editorial\/bohuslav-reynek-en\/collective-bohuslav-reynek-limage-dans-loeuvre-poetique-et-graphique-1997\/#primaryimage"},"image":{"@id":"https:\/\/renaud-reynek.com\/en\/catalogue-editorial\/bohuslav-reynek-en\/collective-bohuslav-reynek-limage-dans-loeuvre-poetique-et-graphique-1997\/#primaryimage"},"thumbnailUrl":"https:\/\/renaud-reynek.com\/wp-content\/uploads\/2020\/01\/BR_Limage1997.jpg","datePublished":"2020-01-09T22:57:11+00:00","dateModified":"2021-02-14T20:12:05+00:00","description":"Site de l'Association Romarin. D\u00e9couvrez les \u0153uvres du graveur tch\u00e8que Bohuslav Reynek et de Suzanne Renaud, po\u00e8te, son \u00e9pouse grenobloise.","breadcrumb":{"@id":"https:\/\/renaud-reynek.com\/en\/catalogue-editorial\/bohuslav-reynek-en\/collective-bohuslav-reynek-limage-dans-loeuvre-poetique-et-graphique-1997\/#breadcrumb"},"inLanguage":"en-US","potentialAction":[{"@type":"ReadAction","target":["https:\/\/renaud-reynek.com\/en\/catalogue-editorial\/bohuslav-reynek-en\/collective-bohuslav-reynek-limage-dans-loeuvre-poetique-et-graphique-1997\/"]}]},{"@type":"ImageObject","inLanguage":"en-US","@id":"https:\/\/renaud-reynek.com\/en\/catalogue-editorial\/bohuslav-reynek-en\/collective-bohuslav-reynek-limage-dans-loeuvre-poetique-et-graphique-1997\/#primaryimage","url":"https:\/\/renaud-reynek.com\/wp-content\/uploads\/2020\/01\/BR_Limage1997.jpg","contentUrl":"https:\/\/renaud-reynek.com\/wp-content\/uploads\/2020\/01\/BR_Limage1997.jpg","width":1000,"height":1000},{"@type":"BreadcrumbList","@id":"https:\/\/renaud-reynek.com\/en\/catalogue-editorial\/bohuslav-reynek-en\/collective-bohuslav-reynek-limage-dans-loeuvre-poetique-et-graphique-1997\/#breadcrumb","itemListElement":[{"@type":"ListItem","position":1,"name":"Accueil","item":"https:\/\/renaud-reynek.com\/en\/"},{"@type":"ListItem","position":2,"name":"Products","item":"https:\/\/renaud-reynek.com\/en\/shop\/"},{"@type":"ListItem","position":3,"name":"Collective Bohuslav Reynek. L\u2019image dans l\u2019\u0153uvre po\u00e9tique et graphique.[The Image in the Poetic and Graphic Work].1997"}]},{"@type":"WebSite","@id":"https:\/\/renaud-reynek.com\/en\/#website","url":"https:\/\/renaud-reynek.com\/en\/","name":"Association Romarin","description":"Les Amis de Suzanne Renaud et Bohuslav Reynek","potentialAction":[{"@type":"SearchAction","target":{"@type":"EntryPoint","urlTemplate":"https:\/\/renaud-reynek.com\/en\/?s={search_term_string}"},"query-input":{"@type":"PropertyValueSpecification","valueRequired":true,"valueName":"search_term_string"}}],"inLanguage":"en-US"}]}},"_links":{"self":[{"href":"https:\/\/renaud-reynek.com\/en\/wp-json\/wp\/v2\/product\/6593","targetHints":{"allow":["GET"]}}],"collection":[{"href":"https:\/\/renaud-reynek.com\/en\/wp-json\/wp\/v2\/product"}],"about":[{"href":"https:\/\/renaud-reynek.com\/en\/wp-json\/wp\/v2\/types\/product"}],"replies":[{"embeddable":true,"href":"https:\/\/renaud-reynek.com\/en\/wp-json\/wp\/v2\/comments?post=6593"}],"wp:featuredmedia":[{"embeddable":true,"href":"https:\/\/renaud-reynek.com\/en\/wp-json\/wp\/v2\/media\/1318"}],"wp:attachment":[{"href":"https:\/\/renaud-reynek.com\/en\/wp-json\/wp\/v2\/media?parent=6593"}],"wp:term":[{"taxonomy":"product_brand","embeddable":true,"href":"https:\/\/renaud-reynek.com\/en\/wp-json\/wp\/v2\/product_brand?post=6593"},{"taxonomy":"product_cat","embeddable":true,"href":"https:\/\/renaud-reynek.com\/en\/wp-json\/wp\/v2\/product_cat?post=6593"},{"taxonomy":"product_tag","embeddable":true,"href":"https:\/\/renaud-reynek.com\/en\/wp-json\/wp\/v2\/product_tag?post=6593"}],"curies":[{"name":"wp","href":"https:\/\/api.w.org\/{rel}","templated":true}]}}