{"id":6570,"date":"2020-01-09T23:57:11","date_gmt":"2020-01-09T22:57:11","guid":{"rendered":"https:\/\/renaud-reynek.com\/catalogue-editorial\/nezarazene\/kolektivni-bohuslav-reynek-limage-dans-loeuvre-poetique-et-graphique-1997\/"},"modified":"2021-02-15T05:46:03","modified_gmt":"2021-02-15T04:46:03","slug":"kolektivni-bohuslav-reynek-limage-dans-loeuvre-poetique-et-graphique-1997","status":"publish","type":"product","link":"https:\/\/renaud-reynek.com\/cs\/catalogue-editorial\/bohuslav-reynek-cs\/kolektivni-bohuslav-reynek-limage-dans-loeuvre-poetique-et-graphique-1997\/","title":{"rendered":"Kolektiv autor\u016f<br><i>Bohuslav Reynek. L\u2019image dans l\u2019\u0153uvre po\u00e9tique et graphique<\/i>.<br>[<i>Obraz v b\u00e1snick\u00e9m <br>a grafick\u00e9m d\u00edle<\/i>].<br>1997"},"content":{"rendered":"<p><strong><em>Form\u00e1t 21 x 21 cm.<br \/>\n<\/em><\/strong><strong><em>60 stran. Bro\u017eovan\u00e1, ilustrovan\u00e1 ob\u00e1lka.<br \/>\n<\/em><\/strong><strong><em>ISBN : 2\u2013910544\u201304\u20134<\/em><\/strong><\/p>\n<p>Nakladatelstv\u00ed Romarin, Grenoble 1997.<br \/>\nP\u0159edmluva Serge Lemoine. Texty M. Reynek, A. Appercellov\u00e1,<br \/>\nT. Dufr\u00eane, O. F\u00e9lix-Faure, X. Galmiche, S. Germainov\u00e1,<br \/>\nM. Hlav\u00e1\u010dkov\u00e1, V. Jirousov\u00e1, J. Med, J. Mlejnek, A. Pizerra,<br \/>\nJ. \u0160er\u00fdch, J. Vladislav.<br \/>\nDoslov X. Galmiche. Pozn\u00e1mky, chronologie.<br \/>\nIlustrace: 15 barevn\u00e9 d\u011bl Bohuslava Reynka, 5 \u010dernob\u00edl\u00e9 d\u011bl Bohuslava Reynka, d\u00edla r\u016fzn\u00fdch um\u011blc\u016f, fotografie. <\/p>\n","protected":false},"excerpt":{"rendered":"<p>Tento svazek vy\u0161el u p\u0159\u00edle\u017eitosti v\u00fdstavy Bohuslav Reynek, kter\u00e1 se konala v Muzeu v Grenoblu (Tour de l\u2019Isle, 30. 11. 1997 \u2013 26. 1. 1998) a jednodenn\u00edho semin\u00e1\u0159e na t\u00e9ma \u201eObraz v b\u00e1snick\u00e9m a grafick\u00e9m d\u00edle\u201c, po\u0159\u00e1dan\u00e9ho 17. ledna 1998 tamt\u00e9\u017e. Obsahuje p\u0159\u00edsp\u011bvky spisovatel\u016f a kritik\u016f um\u011bn\u00ed z obou zem\u00ed \u2013 Francie a \u010cesk\u00e9 republiky. Tato studie p\u0159edstavuje francouzsk\u00fdm \u010dten\u00e1\u0159\u016fm um\u011bn\u00ed \u010desk\u00e9ho tv\u016frce, kter\u00fd do\u0161el ve sv\u00e9 zemi uzn\u00e1n\u00ed a pat\u0159\u00ed mezi p\u0159edn\u00ed um\u011blce a b\u00e1sn\u00edky 20. stolet\u00ed. Texty jednotliv\u00fdch autor\u016f doprov\u00e1zej\u00ed b\u00e1sn\u011b Bohuslava Reynka, kter\u00e9 zde vych\u00e1zej\u00ed ve francouz\u0161tin\u011b poprv\u00e9, stejn\u011b jako dvacet reprodukc\u00ed kreseb a grafik dokl\u00e1daj\u00edc\u00edch jeho um\u011bleck\u00fd v\u00fdvoj.<\/p>\n","protected":false},"featured_media":1317,"comment_status":"open","ping_status":"closed","template":"","meta":{"_acf_changed":false},"product_brand":[],"product_cat":[211,239],"product_tag":[],"class_list":{"0":"post-6570","1":"product","2":"type-product","3":"status-publish","4":"has-post-thumbnail","6":"product_cat-bohuslav-reynek-cs","7":"product_cat-kolektivni-cs","9":"first","10":"instock","11":"shipping-taxable","12":"purchasable","13":"product-type-simple"},"acf":[],"yoast_head":"<!-- This site is optimized with the Yoast SEO plugin v27.4 - https:\/\/yoast.com\/product\/yoast-seo-wordpress\/ -->\n<title>Association Romarin - Kolektiv autor\u016fBohuslav Reynek. L\u2019image dans l\u2019\u0153uvre po\u00e9tique et graphique.[Obraz v b\u00e1snick\u00e9m a grafick\u00e9m d\u00edle].1997<\/title>\n<meta name=\"description\" content=\"Site de l&#039;Association Romarin. D\u00e9couvrez les \u0153uvres du graveur tch\u00e8que Bohuslav Reynek et de Suzanne Renaud, po\u00e8te, son \u00e9pouse grenobloise.\" \/>\n<meta name=\"robots\" content=\"index, follow, max-snippet:-1, max-image-preview:large, max-video-preview:-1\" \/>\n<link rel=\"canonical\" href=\"https:\/\/renaud-reynek.com\/cs\/catalogue-editorial\/bohuslav-reynek-cs\/kolektivni-bohuslav-reynek-limage-dans-loeuvre-poetique-et-graphique-1997\/\" \/>\n<meta property=\"og:locale\" content=\"cs_CZ\" \/>\n<meta property=\"og:type\" content=\"article\" \/>\n<meta property=\"og:title\" content=\"Association Romarin - Kolektiv autor\u016fBohuslav Reynek. L\u2019image dans l\u2019\u0153uvre po\u00e9tique et graphique.[Obraz v b\u00e1snick\u00e9m a grafick\u00e9m d\u00edle].1997\" \/>\n<meta property=\"og:description\" content=\"Site de l&#039;Association Romarin. D\u00e9couvrez les \u0153uvres du graveur tch\u00e8que Bohuslav Reynek et de Suzanne Renaud, po\u00e8te, son \u00e9pouse grenobloise.\" \/>\n<meta property=\"og:url\" content=\"https:\/\/renaud-reynek.com\/cs\/catalogue-editorial\/bohuslav-reynek-cs\/kolektivni-bohuslav-reynek-limage-dans-loeuvre-poetique-et-graphique-1997\/\" \/>\n<meta property=\"og:site_name\" content=\"Association Romarin\" \/>\n<meta property=\"article:modified_time\" content=\"2021-02-15T04:46:03+00:00\" \/>\n<meta property=\"og:image\" content=\"https:\/\/renaud-reynek.com\/wp-content\/uploads\/2020\/01\/BR_Limage1997.jpg\" \/>\n\t<meta property=\"og:image:width\" content=\"1000\" \/>\n\t<meta property=\"og:image:height\" content=\"1000\" \/>\n\t<meta property=\"og:image:type\" content=\"image\/jpeg\" \/>\n<meta name=\"twitter:card\" content=\"summary_large_image\" \/>\n<script type=\"application\/ld+json\" class=\"yoast-schema-graph\">{\"@context\":\"https:\\\/\\\/schema.org\",\"@graph\":[{\"@type\":\"WebPage\",\"@id\":\"https:\\\/\\\/renaud-reynek.com\\\/cs\\\/catalogue-editorial\\\/bohuslav-reynek-cs\\\/kolektivni-bohuslav-reynek-limage-dans-loeuvre-poetique-et-graphique-1997\\\/\",\"url\":\"https:\\\/\\\/renaud-reynek.com\\\/cs\\\/catalogue-editorial\\\/bohuslav-reynek-cs\\\/kolektivni-bohuslav-reynek-limage-dans-loeuvre-poetique-et-graphique-1997\\\/\",\"name\":\"Association Romarin - Kolektiv autor\u016f Bohuslav Reynek. L\u2019image dans l\u2019\u0153uvre po\u00e9tique et graphique. [Obraz v b\u00e1snick\u00e9m a grafick\u00e9m d\u00edle]. 1997\",\"isPartOf\":{\"@id\":\"https:\\\/\\\/renaud-reynek.com\\\/cs\\\/#website\"},\"primaryImageOfPage\":{\"@id\":\"https:\\\/\\\/renaud-reynek.com\\\/cs\\\/catalogue-editorial\\\/bohuslav-reynek-cs\\\/kolektivni-bohuslav-reynek-limage-dans-loeuvre-poetique-et-graphique-1997\\\/#primaryimage\"},\"image\":{\"@id\":\"https:\\\/\\\/renaud-reynek.com\\\/cs\\\/catalogue-editorial\\\/bohuslav-reynek-cs\\\/kolektivni-bohuslav-reynek-limage-dans-loeuvre-poetique-et-graphique-1997\\\/#primaryimage\"},\"thumbnailUrl\":\"https:\\\/\\\/renaud-reynek.com\\\/wp-content\\\/uploads\\\/2020\\\/01\\\/BR_Limage1997.jpg\",\"datePublished\":\"2020-01-09T22:57:11+00:00\",\"dateModified\":\"2021-02-15T04:46:03+00:00\",\"description\":\"Site de l'Association Romarin. D\u00e9couvrez les \u0153uvres du graveur tch\u00e8que Bohuslav Reynek et de Suzanne Renaud, po\u00e8te, son \u00e9pouse grenobloise.\",\"breadcrumb\":{\"@id\":\"https:\\\/\\\/renaud-reynek.com\\\/cs\\\/catalogue-editorial\\\/bohuslav-reynek-cs\\\/kolektivni-bohuslav-reynek-limage-dans-loeuvre-poetique-et-graphique-1997\\\/#breadcrumb\"},\"inLanguage\":\"cs\",\"potentialAction\":[{\"@type\":\"ReadAction\",\"target\":[\"https:\\\/\\\/renaud-reynek.com\\\/cs\\\/catalogue-editorial\\\/bohuslav-reynek-cs\\\/kolektivni-bohuslav-reynek-limage-dans-loeuvre-poetique-et-graphique-1997\\\/\"]}]},{\"@type\":\"ImageObject\",\"inLanguage\":\"cs\",\"@id\":\"https:\\\/\\\/renaud-reynek.com\\\/cs\\\/catalogue-editorial\\\/bohuslav-reynek-cs\\\/kolektivni-bohuslav-reynek-limage-dans-loeuvre-poetique-et-graphique-1997\\\/#primaryimage\",\"url\":\"https:\\\/\\\/renaud-reynek.com\\\/wp-content\\\/uploads\\\/2020\\\/01\\\/BR_Limage1997.jpg\",\"contentUrl\":\"https:\\\/\\\/renaud-reynek.com\\\/wp-content\\\/uploads\\\/2020\\\/01\\\/BR_Limage1997.jpg\",\"width\":1000,\"height\":1000},{\"@type\":\"BreadcrumbList\",\"@id\":\"https:\\\/\\\/renaud-reynek.com\\\/cs\\\/catalogue-editorial\\\/bohuslav-reynek-cs\\\/kolektivni-bohuslav-reynek-limage-dans-loeuvre-poetique-et-graphique-1997\\\/#breadcrumb\",\"itemListElement\":[{\"@type\":\"ListItem\",\"position\":1,\"name\":\"Accueil\",\"item\":\"https:\\\/\\\/renaud-reynek.com\\\/cs\\\/\"},{\"@type\":\"ListItem\",\"position\":2,\"name\":\"Produkty\",\"item\":\"https:\\\/\\\/renaud-reynek.com\\\/cs\\\/shop\\\/\"},{\"@type\":\"ListItem\",\"position\":3,\"name\":\"Kolektiv autor\u016fBohuslav Reynek. L\u2019image dans l\u2019\u0153uvre po\u00e9tique et graphique.[Obraz v b\u00e1snick\u00e9m a grafick\u00e9m d\u00edle].1997\"}]},{\"@type\":\"WebSite\",\"@id\":\"https:\\\/\\\/renaud-reynek.com\\\/cs\\\/#website\",\"url\":\"https:\\\/\\\/renaud-reynek.com\\\/cs\\\/\",\"name\":\"Association Romarin\",\"description\":\"Les Amis de Suzanne Renaud et Bohuslav Reynek\",\"potentialAction\":[{\"@type\":\"SearchAction\",\"target\":{\"@type\":\"EntryPoint\",\"urlTemplate\":\"https:\\\/\\\/renaud-reynek.com\\\/cs\\\/?s={search_term_string}\"},\"query-input\":{\"@type\":\"PropertyValueSpecification\",\"valueRequired\":true,\"valueName\":\"search_term_string\"}}],\"inLanguage\":\"cs\"}]}<\/script>\n<!-- \/ Yoast SEO plugin. -->","yoast_head_json":{"title":"Association Romarin - Kolektiv autor\u016fBohuslav Reynek. L\u2019image dans l\u2019\u0153uvre po\u00e9tique et graphique.[Obraz v b\u00e1snick\u00e9m a grafick\u00e9m d\u00edle].1997","description":"Site de l'Association Romarin. D\u00e9couvrez les \u0153uvres du graveur tch\u00e8que Bohuslav Reynek et de Suzanne Renaud, po\u00e8te, son \u00e9pouse grenobloise.","robots":{"index":"index","follow":"follow","max-snippet":"max-snippet:-1","max-image-preview":"max-image-preview:large","max-video-preview":"max-video-preview:-1"},"canonical":"https:\/\/renaud-reynek.com\/cs\/catalogue-editorial\/bohuslav-reynek-cs\/kolektivni-bohuslav-reynek-limage-dans-loeuvre-poetique-et-graphique-1997\/","og_locale":"cs_CZ","og_type":"article","og_title":"Association Romarin - Kolektiv autor\u016fBohuslav Reynek. L\u2019image dans l\u2019\u0153uvre po\u00e9tique et graphique.[Obraz v b\u00e1snick\u00e9m a grafick\u00e9m d\u00edle].1997","og_description":"Site de l'Association Romarin. D\u00e9couvrez les \u0153uvres du graveur tch\u00e8que Bohuslav Reynek et de Suzanne Renaud, po\u00e8te, son \u00e9pouse grenobloise.","og_url":"https:\/\/renaud-reynek.com\/cs\/catalogue-editorial\/bohuslav-reynek-cs\/kolektivni-bohuslav-reynek-limage-dans-loeuvre-poetique-et-graphique-1997\/","og_site_name":"Association Romarin","article_modified_time":"2021-02-15T04:46:03+00:00","og_image":[{"width":1000,"height":1000,"url":"https:\/\/renaud-reynek.com\/wp-content\/uploads\/2020\/01\/BR_Limage1997.jpg","type":"image\/jpeg"}],"twitter_card":"summary_large_image","schema":{"@context":"https:\/\/schema.org","@graph":[{"@type":"WebPage","@id":"https:\/\/renaud-reynek.com\/cs\/catalogue-editorial\/bohuslav-reynek-cs\/kolektivni-bohuslav-reynek-limage-dans-loeuvre-poetique-et-graphique-1997\/","url":"https:\/\/renaud-reynek.com\/cs\/catalogue-editorial\/bohuslav-reynek-cs\/kolektivni-bohuslav-reynek-limage-dans-loeuvre-poetique-et-graphique-1997\/","name":"Association Romarin - Kolektiv autor\u016f Bohuslav Reynek. L\u2019image dans l\u2019\u0153uvre po\u00e9tique et graphique. [Obraz v b\u00e1snick\u00e9m a grafick\u00e9m d\u00edle]. 1997","isPartOf":{"@id":"https:\/\/renaud-reynek.com\/cs\/#website"},"primaryImageOfPage":{"@id":"https:\/\/renaud-reynek.com\/cs\/catalogue-editorial\/bohuslav-reynek-cs\/kolektivni-bohuslav-reynek-limage-dans-loeuvre-poetique-et-graphique-1997\/#primaryimage"},"image":{"@id":"https:\/\/renaud-reynek.com\/cs\/catalogue-editorial\/bohuslav-reynek-cs\/kolektivni-bohuslav-reynek-limage-dans-loeuvre-poetique-et-graphique-1997\/#primaryimage"},"thumbnailUrl":"https:\/\/renaud-reynek.com\/wp-content\/uploads\/2020\/01\/BR_Limage1997.jpg","datePublished":"2020-01-09T22:57:11+00:00","dateModified":"2021-02-15T04:46:03+00:00","description":"Site de l'Association Romarin. D\u00e9couvrez les \u0153uvres du graveur tch\u00e8que Bohuslav Reynek et de Suzanne Renaud, po\u00e8te, son \u00e9pouse grenobloise.","breadcrumb":{"@id":"https:\/\/renaud-reynek.com\/cs\/catalogue-editorial\/bohuslav-reynek-cs\/kolektivni-bohuslav-reynek-limage-dans-loeuvre-poetique-et-graphique-1997\/#breadcrumb"},"inLanguage":"cs","potentialAction":[{"@type":"ReadAction","target":["https:\/\/renaud-reynek.com\/cs\/catalogue-editorial\/bohuslav-reynek-cs\/kolektivni-bohuslav-reynek-limage-dans-loeuvre-poetique-et-graphique-1997\/"]}]},{"@type":"ImageObject","inLanguage":"cs","@id":"https:\/\/renaud-reynek.com\/cs\/catalogue-editorial\/bohuslav-reynek-cs\/kolektivni-bohuslav-reynek-limage-dans-loeuvre-poetique-et-graphique-1997\/#primaryimage","url":"https:\/\/renaud-reynek.com\/wp-content\/uploads\/2020\/01\/BR_Limage1997.jpg","contentUrl":"https:\/\/renaud-reynek.com\/wp-content\/uploads\/2020\/01\/BR_Limage1997.jpg","width":1000,"height":1000},{"@type":"BreadcrumbList","@id":"https:\/\/renaud-reynek.com\/cs\/catalogue-editorial\/bohuslav-reynek-cs\/kolektivni-bohuslav-reynek-limage-dans-loeuvre-poetique-et-graphique-1997\/#breadcrumb","itemListElement":[{"@type":"ListItem","position":1,"name":"Accueil","item":"https:\/\/renaud-reynek.com\/cs\/"},{"@type":"ListItem","position":2,"name":"Produkty","item":"https:\/\/renaud-reynek.com\/cs\/shop\/"},{"@type":"ListItem","position":3,"name":"Kolektiv autor\u016fBohuslav Reynek. L\u2019image dans l\u2019\u0153uvre po\u00e9tique et graphique.[Obraz v b\u00e1snick\u00e9m a grafick\u00e9m d\u00edle].1997"}]},{"@type":"WebSite","@id":"https:\/\/renaud-reynek.com\/cs\/#website","url":"https:\/\/renaud-reynek.com\/cs\/","name":"Association Romarin","description":"Les Amis de Suzanne Renaud et Bohuslav Reynek","potentialAction":[{"@type":"SearchAction","target":{"@type":"EntryPoint","urlTemplate":"https:\/\/renaud-reynek.com\/cs\/?s={search_term_string}"},"query-input":{"@type":"PropertyValueSpecification","valueRequired":true,"valueName":"search_term_string"}}],"inLanguage":"cs"}]}},"_links":{"self":[{"href":"https:\/\/renaud-reynek.com\/cs\/wp-json\/wp\/v2\/product\/6570","targetHints":{"allow":["GET"]}}],"collection":[{"href":"https:\/\/renaud-reynek.com\/cs\/wp-json\/wp\/v2\/product"}],"about":[{"href":"https:\/\/renaud-reynek.com\/cs\/wp-json\/wp\/v2\/types\/product"}],"replies":[{"embeddable":true,"href":"https:\/\/renaud-reynek.com\/cs\/wp-json\/wp\/v2\/comments?post=6570"}],"wp:featuredmedia":[{"embeddable":true,"href":"https:\/\/renaud-reynek.com\/cs\/wp-json\/wp\/v2\/media\/1317"}],"wp:attachment":[{"href":"https:\/\/renaud-reynek.com\/cs\/wp-json\/wp\/v2\/media?parent=6570"}],"wp:term":[{"taxonomy":"product_brand","embeddable":true,"href":"https:\/\/renaud-reynek.com\/cs\/wp-json\/wp\/v2\/product_brand?post=6570"},{"taxonomy":"product_cat","embeddable":true,"href":"https:\/\/renaud-reynek.com\/cs\/wp-json\/wp\/v2\/product_cat?post=6570"},{"taxonomy":"product_tag","embeddable":true,"href":"https:\/\/renaud-reynek.com\/cs\/wp-json\/wp\/v2\/product_tag?post=6570"}],"curies":[{"name":"wp","href":"https:\/\/api.w.org\/{rel}","templated":true}]}}