{"id":6566,"date":"2020-01-10T00:56:44","date_gmt":"2020-01-09T23:56:44","guid":{"rendered":"https:\/\/renaud-reynek.com\/catalogue-editorial\/nezarazene\/collectif-loeuvre-de-bohuslav-reynek-une-eclaircie-au-loin-2000\/"},"modified":"2023-07-16T17:29:09","modified_gmt":"2023-07-16T15:29:09","slug":"collectif-loeuvre-de-bohuslav-reynek-une-eclaircie-au-loin-2000","status":"publish","type":"product","link":"https:\/\/renaud-reynek.com\/cs\/catalogue-editorial\/bohuslav-reynek-cs\/collectif-loeuvre-de-bohuslav-reynek-une-eclaircie-au-loin-2000\/","title":{"rendered":"Kolektiv autor\u016f <br><i>L\u2019\u0153uvre de Bohuslav Reynek.<br>Une \u00e9claircie au loin&#8230;<\/i><br>[<i>D\u00edlo Bohuslava Reynka. <br>Vzd\u00e1len\u00e9 objasn\u011bn\u00ed&#8230;<\/i>]<br>2000<br><p style=\"padding-top: 10px; margin-bottom: 5px; font-family: lora; font-size: 15px; color:#A26C46;\">Vyprod\u00e1no<\/p>"},"content":{"rendered":"<p><strong><em>Form\u00e1t 14,5 x 21\u202fcm.<br \/>\n<\/em><\/strong><strong><em>236 stran. Bro\u017eovan\u00e1, ilustrovan\u00e1 ob\u00e1lka.<br \/>\n<\/em><\/strong><strong><em>ISSN\u202f: 1247\u2013013<\/em><\/strong><\/p>\n<p><em>Essais sur le discours de l\u2019Europe \u00e9clat\u00e9e<\/em>, N\u00b0\u202f16.<br \/>\nSpole\u010dn\u00e9 nakladatelstv\u00ed Universit\u00e9 Stendhal a Romarin, Grenoble 2000.<br \/>\nPublikace \u010d\u00e1ste\u010dn\u011b dvojjazy\u010dn\u011b. Texty I. Divi\u0161, L. Froul\u00edkov\u00e1,<br \/>\nX. Galmiche, S. Germainov\u00e1, Z. Hejda, V. Jirousov\u00e1, C. Kastler,<br \/>\nK. K\u0159epelka, J. Mlejnek, M. C. Putna, J. \u0160er\u00fdch, Z. Stavinohov\u00e1,<br \/>\nJ. Topol, J. Vladislav.<br \/>\nBibliographie a chronologie.<br \/>\nIlustrace: 9 d\u011bl B. Reynka, fotografie.<br \/>\nVyd\u00e1n\u00ed p\u0159ipravili Annick Auzimourov\u00e1 a Lenka Froul\u00edkov\u00e1.<br \/>\nKniha vych\u00e1z\u00ed s laskavou podporou Ministerstva zahrani\u010dn\u00edch v\u011bc\u00ed \u010cesk\u00e9 republiky, Conseil g\u00e9n\u00e9ral de l\u2019Is\u00e8re a Francouzsk\u00e9ho institutu v Praze.<\/p>\n","protected":false},"excerpt":{"rendered":"<p>Na publikaci v\u011bnuj\u00edc\u00ed se r\u016fzn\u00fdm pohled\u016fm na d\u00edlo \u010desk\u00e9ho grafika a b\u00e1sn\u00edka Bohuslava Reynka spolupracovali francouz\u0161t\u00ed a \u010de\u0161t\u00ed b\u00e1sn\u00edci, spisovatel\u00e9 a univerzitn\u00ed profeso\u0159i. Texty, kter\u00e9 v\u011bt\u0161inou je\u0161t\u011b nevy\u0161ly, zahrnuj\u00ed sv\u011bdectv\u00ed \u010di vzpom\u00ednky, eseje a kritick\u00e9 pohledy, oz\u0159ejmuj\u00ed aspekty um\u011bleck\u00e9 tvorby jako\u017eto z\u00e1le\u017eitosti ducha, v\u011bnuj\u00ed se osobnosti, kter\u00e1 p\u0159itahuje up\u0159\u00edmnost\u00ed sv\u00e9ho p\u0159edv\u011bd\u010den\u00ed. Reynkovo d\u00edlo je skute\u010dn\u00fdm mostem mezi \u010cesk\u00fdmi zem\u011bmi a Franci\u00ed, zt\u011bles\u0148uje celistvost, o kterou usiluj\u00ed na\u0161i sou\u010dasn\u00edci. <\/p>\n","protected":false},"featured_media":6707,"comment_status":"open","ping_status":"closed","template":"","meta":{"_acf_changed":false},"product_brand":[],"product_cat":[211,239],"product_tag":[],"class_list":{"0":"post-6566","1":"product","2":"type-product","3":"status-publish","4":"has-post-thumbnail","6":"product_cat-bohuslav-reynek-cs","7":"product_cat-kolektivni-cs","9":"first","10":"instock","11":"shipping-taxable","12":"product-type-simple"},"acf":[],"yoast_head":"<!-- This site is optimized with the Yoast SEO plugin v27.4 - https:\/\/yoast.com\/product\/yoast-seo-wordpress\/ -->\n<title>Association Romarin - Kolektiv autor\u016f L\u2019\u0153uvre de Bohuslav Reynek.Une \u00e9claircie au loin...[D\u00edlo Bohuslava Reynka. Vzd\u00e1len\u00e9 objasn\u011bn\u00ed...]2000Vyprod\u00e1no<\/title>\n<meta name=\"description\" content=\"Site de l&#039;Association Romarin. D\u00e9couvrez les \u0153uvres du graveur tch\u00e8que Bohuslav Reynek et de Suzanne Renaud, po\u00e8te, son \u00e9pouse grenobloise.\" \/>\n<meta name=\"robots\" content=\"index, follow, max-snippet:-1, max-image-preview:large, max-video-preview:-1\" \/>\n<link rel=\"canonical\" href=\"https:\/\/renaud-reynek.com\/cs\/catalogue-editorial\/bohuslav-reynek-cs\/collectif-loeuvre-de-bohuslav-reynek-une-eclaircie-au-loin-2000\/\" \/>\n<meta property=\"og:locale\" content=\"cs_CZ\" \/>\n<meta property=\"og:type\" content=\"article\" \/>\n<meta property=\"og:title\" content=\"Association Romarin - Kolektiv autor\u016f L\u2019\u0153uvre de Bohuslav Reynek.Une \u00e9claircie au loin...[D\u00edlo Bohuslava Reynka. Vzd\u00e1len\u00e9 objasn\u011bn\u00ed...]2000Vyprod\u00e1no\" \/>\n<meta property=\"og:description\" content=\"Site de l&#039;Association Romarin. D\u00e9couvrez les \u0153uvres du graveur tch\u00e8que Bohuslav Reynek et de Suzanne Renaud, po\u00e8te, son \u00e9pouse grenobloise.\" \/>\n<meta property=\"og:url\" content=\"https:\/\/renaud-reynek.com\/cs\/catalogue-editorial\/bohuslav-reynek-cs\/collectif-loeuvre-de-bohuslav-reynek-une-eclaircie-au-loin-2000\/\" \/>\n<meta property=\"og:site_name\" content=\"Association Romarin\" \/>\n<meta property=\"article:modified_time\" content=\"2023-07-16T15:29:09+00:00\" \/>\n<meta property=\"og:image\" content=\"https:\/\/renaud-reynek.com\/wp-content\/uploads\/2021\/02\/ReynekUneEclaircie2000-e1613632823389.jpg\" \/>\n\t<meta property=\"og:image:width\" content=\"1731\" \/>\n\t<meta property=\"og:image:height\" content=\"2428\" \/>\n\t<meta property=\"og:image:type\" content=\"image\/jpeg\" \/>\n<meta name=\"twitter:card\" content=\"summary_large_image\" \/>\n<meta name=\"twitter:label1\" content=\"Odhadovan\u00e1 doba \u010dten\u00ed\" \/>\n\t<meta name=\"twitter:data1\" content=\"1 minuta\" \/>\n<script type=\"application\/ld+json\" class=\"yoast-schema-graph\">{\"@context\":\"https:\\\/\\\/schema.org\",\"@graph\":[{\"@type\":\"WebPage\",\"@id\":\"https:\\\/\\\/renaud-reynek.com\\\/cs\\\/catalogue-editorial\\\/bohuslav-reynek-cs\\\/collectif-loeuvre-de-bohuslav-reynek-une-eclaircie-au-loin-2000\\\/\",\"url\":\"https:\\\/\\\/renaud-reynek.com\\\/cs\\\/catalogue-editorial\\\/bohuslav-reynek-cs\\\/collectif-loeuvre-de-bohuslav-reynek-une-eclaircie-au-loin-2000\\\/\",\"name\":\"Association Romarin - Kolektiv autor\u016f L\u2019\u0153uvre de Bohuslav Reynek. Une \u00e9claircie au loin... [D\u00edlo Bohuslava Reynka. Vzd\u00e1len\u00e9 objasn\u011bn\u00ed...] 2000 Vyprod\u00e1no\",\"isPartOf\":{\"@id\":\"https:\\\/\\\/renaud-reynek.com\\\/cs\\\/#website\"},\"primaryImageOfPage\":{\"@id\":\"https:\\\/\\\/renaud-reynek.com\\\/cs\\\/catalogue-editorial\\\/bohuslav-reynek-cs\\\/collectif-loeuvre-de-bohuslav-reynek-une-eclaircie-au-loin-2000\\\/#primaryimage\"},\"image\":{\"@id\":\"https:\\\/\\\/renaud-reynek.com\\\/cs\\\/catalogue-editorial\\\/bohuslav-reynek-cs\\\/collectif-loeuvre-de-bohuslav-reynek-une-eclaircie-au-loin-2000\\\/#primaryimage\"},\"thumbnailUrl\":\"https:\\\/\\\/renaud-reynek.com\\\/wp-content\\\/uploads\\\/2021\\\/02\\\/ReynekUneEclaircie2000-e1613632823389.jpg\",\"datePublished\":\"2020-01-09T23:56:44+00:00\",\"dateModified\":\"2023-07-16T15:29:09+00:00\",\"description\":\"Site de l'Association Romarin. D\u00e9couvrez les \u0153uvres du graveur tch\u00e8que Bohuslav Reynek et de Suzanne Renaud, po\u00e8te, son \u00e9pouse grenobloise.\",\"breadcrumb\":{\"@id\":\"https:\\\/\\\/renaud-reynek.com\\\/cs\\\/catalogue-editorial\\\/bohuslav-reynek-cs\\\/collectif-loeuvre-de-bohuslav-reynek-une-eclaircie-au-loin-2000\\\/#breadcrumb\"},\"inLanguage\":\"cs\",\"potentialAction\":[{\"@type\":\"ReadAction\",\"target\":[\"https:\\\/\\\/renaud-reynek.com\\\/cs\\\/catalogue-editorial\\\/bohuslav-reynek-cs\\\/collectif-loeuvre-de-bohuslav-reynek-une-eclaircie-au-loin-2000\\\/\"]}]},{\"@type\":\"ImageObject\",\"inLanguage\":\"cs\",\"@id\":\"https:\\\/\\\/renaud-reynek.com\\\/cs\\\/catalogue-editorial\\\/bohuslav-reynek-cs\\\/collectif-loeuvre-de-bohuslav-reynek-une-eclaircie-au-loin-2000\\\/#primaryimage\",\"url\":\"https:\\\/\\\/renaud-reynek.com\\\/wp-content\\\/uploads\\\/2021\\\/02\\\/ReynekUneEclaircie2000-e1613632823389.jpg\",\"contentUrl\":\"https:\\\/\\\/renaud-reynek.com\\\/wp-content\\\/uploads\\\/2021\\\/02\\\/ReynekUneEclaircie2000-e1613632823389.jpg\",\"width\":1731,\"height\":2428},{\"@type\":\"BreadcrumbList\",\"@id\":\"https:\\\/\\\/renaud-reynek.com\\\/cs\\\/catalogue-editorial\\\/bohuslav-reynek-cs\\\/collectif-loeuvre-de-bohuslav-reynek-une-eclaircie-au-loin-2000\\\/#breadcrumb\",\"itemListElement\":[{\"@type\":\"ListItem\",\"position\":1,\"name\":\"Accueil\",\"item\":\"https:\\\/\\\/renaud-reynek.com\\\/cs\\\/\"},{\"@type\":\"ListItem\",\"position\":2,\"name\":\"Produkty\",\"item\":\"https:\\\/\\\/renaud-reynek.com\\\/cs\\\/shop\\\/\"},{\"@type\":\"ListItem\",\"position\":3,\"name\":\"Kolektiv autor\u016f L\u2019\u0153uvre de Bohuslav Reynek.Une \u00e9claircie au loin&#8230;[D\u00edlo Bohuslava Reynka. Vzd\u00e1len\u00e9 objasn\u011bn\u00ed&#8230;]2000Vyprod\u00e1no\"}]},{\"@type\":\"WebSite\",\"@id\":\"https:\\\/\\\/renaud-reynek.com\\\/cs\\\/#website\",\"url\":\"https:\\\/\\\/renaud-reynek.com\\\/cs\\\/\",\"name\":\"Association Romarin\",\"description\":\"Les Amis de Suzanne Renaud et Bohuslav Reynek\",\"potentialAction\":[{\"@type\":\"SearchAction\",\"target\":{\"@type\":\"EntryPoint\",\"urlTemplate\":\"https:\\\/\\\/renaud-reynek.com\\\/cs\\\/?s={search_term_string}\"},\"query-input\":{\"@type\":\"PropertyValueSpecification\",\"valueRequired\":true,\"valueName\":\"search_term_string\"}}],\"inLanguage\":\"cs\"}]}<\/script>\n<!-- \/ Yoast SEO plugin. -->","yoast_head_json":{"title":"Association Romarin - Kolektiv autor\u016f L\u2019\u0153uvre de Bohuslav Reynek.Une \u00e9claircie au loin...[D\u00edlo Bohuslava Reynka. Vzd\u00e1len\u00e9 objasn\u011bn\u00ed...]2000Vyprod\u00e1no","description":"Site de l'Association Romarin. D\u00e9couvrez les \u0153uvres du graveur tch\u00e8que Bohuslav Reynek et de Suzanne Renaud, po\u00e8te, son \u00e9pouse grenobloise.","robots":{"index":"index","follow":"follow","max-snippet":"max-snippet:-1","max-image-preview":"max-image-preview:large","max-video-preview":"max-video-preview:-1"},"canonical":"https:\/\/renaud-reynek.com\/cs\/catalogue-editorial\/bohuslav-reynek-cs\/collectif-loeuvre-de-bohuslav-reynek-une-eclaircie-au-loin-2000\/","og_locale":"cs_CZ","og_type":"article","og_title":"Association Romarin - Kolektiv autor\u016f L\u2019\u0153uvre de Bohuslav Reynek.Une \u00e9claircie au loin...[D\u00edlo Bohuslava Reynka. Vzd\u00e1len\u00e9 objasn\u011bn\u00ed...]2000Vyprod\u00e1no","og_description":"Site de l'Association Romarin. D\u00e9couvrez les \u0153uvres du graveur tch\u00e8que Bohuslav Reynek et de Suzanne Renaud, po\u00e8te, son \u00e9pouse grenobloise.","og_url":"https:\/\/renaud-reynek.com\/cs\/catalogue-editorial\/bohuslav-reynek-cs\/collectif-loeuvre-de-bohuslav-reynek-une-eclaircie-au-loin-2000\/","og_site_name":"Association Romarin","article_modified_time":"2023-07-16T15:29:09+00:00","og_image":[{"width":1731,"height":2428,"url":"https:\/\/renaud-reynek.com\/wp-content\/uploads\/2021\/02\/ReynekUneEclaircie2000-e1613632823389.jpg","type":"image\/jpeg"}],"twitter_card":"summary_large_image","twitter_misc":{"Odhadovan\u00e1 doba \u010dten\u00ed":"1 minuta"},"schema":{"@context":"https:\/\/schema.org","@graph":[{"@type":"WebPage","@id":"https:\/\/renaud-reynek.com\/cs\/catalogue-editorial\/bohuslav-reynek-cs\/collectif-loeuvre-de-bohuslav-reynek-une-eclaircie-au-loin-2000\/","url":"https:\/\/renaud-reynek.com\/cs\/catalogue-editorial\/bohuslav-reynek-cs\/collectif-loeuvre-de-bohuslav-reynek-une-eclaircie-au-loin-2000\/","name":"Association Romarin - Kolektiv autor\u016f L\u2019\u0153uvre de Bohuslav Reynek. Une \u00e9claircie au loin... [D\u00edlo Bohuslava Reynka. Vzd\u00e1len\u00e9 objasn\u011bn\u00ed...] 2000 Vyprod\u00e1no","isPartOf":{"@id":"https:\/\/renaud-reynek.com\/cs\/#website"},"primaryImageOfPage":{"@id":"https:\/\/renaud-reynek.com\/cs\/catalogue-editorial\/bohuslav-reynek-cs\/collectif-loeuvre-de-bohuslav-reynek-une-eclaircie-au-loin-2000\/#primaryimage"},"image":{"@id":"https:\/\/renaud-reynek.com\/cs\/catalogue-editorial\/bohuslav-reynek-cs\/collectif-loeuvre-de-bohuslav-reynek-une-eclaircie-au-loin-2000\/#primaryimage"},"thumbnailUrl":"https:\/\/renaud-reynek.com\/wp-content\/uploads\/2021\/02\/ReynekUneEclaircie2000-e1613632823389.jpg","datePublished":"2020-01-09T23:56:44+00:00","dateModified":"2023-07-16T15:29:09+00:00","description":"Site de l'Association Romarin. D\u00e9couvrez les \u0153uvres du graveur tch\u00e8que Bohuslav Reynek et de Suzanne Renaud, po\u00e8te, son \u00e9pouse grenobloise.","breadcrumb":{"@id":"https:\/\/renaud-reynek.com\/cs\/catalogue-editorial\/bohuslav-reynek-cs\/collectif-loeuvre-de-bohuslav-reynek-une-eclaircie-au-loin-2000\/#breadcrumb"},"inLanguage":"cs","potentialAction":[{"@type":"ReadAction","target":["https:\/\/renaud-reynek.com\/cs\/catalogue-editorial\/bohuslav-reynek-cs\/collectif-loeuvre-de-bohuslav-reynek-une-eclaircie-au-loin-2000\/"]}]},{"@type":"ImageObject","inLanguage":"cs","@id":"https:\/\/renaud-reynek.com\/cs\/catalogue-editorial\/bohuslav-reynek-cs\/collectif-loeuvre-de-bohuslav-reynek-une-eclaircie-au-loin-2000\/#primaryimage","url":"https:\/\/renaud-reynek.com\/wp-content\/uploads\/2021\/02\/ReynekUneEclaircie2000-e1613632823389.jpg","contentUrl":"https:\/\/renaud-reynek.com\/wp-content\/uploads\/2021\/02\/ReynekUneEclaircie2000-e1613632823389.jpg","width":1731,"height":2428},{"@type":"BreadcrumbList","@id":"https:\/\/renaud-reynek.com\/cs\/catalogue-editorial\/bohuslav-reynek-cs\/collectif-loeuvre-de-bohuslav-reynek-une-eclaircie-au-loin-2000\/#breadcrumb","itemListElement":[{"@type":"ListItem","position":1,"name":"Accueil","item":"https:\/\/renaud-reynek.com\/cs\/"},{"@type":"ListItem","position":2,"name":"Produkty","item":"https:\/\/renaud-reynek.com\/cs\/shop\/"},{"@type":"ListItem","position":3,"name":"Kolektiv autor\u016f L\u2019\u0153uvre de Bohuslav Reynek.Une \u00e9claircie au loin&#8230;[D\u00edlo Bohuslava Reynka. Vzd\u00e1len\u00e9 objasn\u011bn\u00ed&#8230;]2000Vyprod\u00e1no"}]},{"@type":"WebSite","@id":"https:\/\/renaud-reynek.com\/cs\/#website","url":"https:\/\/renaud-reynek.com\/cs\/","name":"Association Romarin","description":"Les Amis de Suzanne Renaud et Bohuslav Reynek","potentialAction":[{"@type":"SearchAction","target":{"@type":"EntryPoint","urlTemplate":"https:\/\/renaud-reynek.com\/cs\/?s={search_term_string}"},"query-input":{"@type":"PropertyValueSpecification","valueRequired":true,"valueName":"search_term_string"}}],"inLanguage":"cs"}]}},"_links":{"self":[{"href":"https:\/\/renaud-reynek.com\/cs\/wp-json\/wp\/v2\/product\/6566","targetHints":{"allow":["GET"]}}],"collection":[{"href":"https:\/\/renaud-reynek.com\/cs\/wp-json\/wp\/v2\/product"}],"about":[{"href":"https:\/\/renaud-reynek.com\/cs\/wp-json\/wp\/v2\/types\/product"}],"replies":[{"embeddable":true,"href":"https:\/\/renaud-reynek.com\/cs\/wp-json\/wp\/v2\/comments?post=6566"}],"wp:featuredmedia":[{"embeddable":true,"href":"https:\/\/renaud-reynek.com\/cs\/wp-json\/wp\/v2\/media\/6707"}],"wp:attachment":[{"href":"https:\/\/renaud-reynek.com\/cs\/wp-json\/wp\/v2\/media?parent=6566"}],"wp:term":[{"taxonomy":"product_brand","embeddable":true,"href":"https:\/\/renaud-reynek.com\/cs\/wp-json\/wp\/v2\/product_brand?post=6566"},{"taxonomy":"product_cat","embeddable":true,"href":"https:\/\/renaud-reynek.com\/cs\/wp-json\/wp\/v2\/product_cat?post=6566"},{"taxonomy":"product_tag","embeddable":true,"href":"https:\/\/renaud-reynek.com\/cs\/wp-json\/wp\/v2\/product_tag?post=6566"}],"curies":[{"name":"wp","href":"https:\/\/api.w.org\/{rel}","templated":true}]}}