{"id":6564,"date":"2020-01-10T00:59:02","date_gmt":"2020-01-09T23:59:02","guid":{"rendered":"https:\/\/renaud-reynek.com\/catalogue-editorial\/nezarazene\/vladimir-holan-quelques-poemes-basne-2002-holan_quelquespoemes2002-jpg\/"},"modified":"2023-07-16T17:27:11","modified_gmt":"2023-07-16T15:27:11","slug":"vladimir-holan-quelques-poemes-basne-2002-holan_quelquespoemes2002-jpg","status":"publish","type":"product","link":"https:\/\/renaud-reynek.com\/cs\/catalogue-editorial\/vladimir-holan-cs\/vladimir-holan-quelques-poemes-basne-2002-holan_quelquespoemes2002-jpg\/","title":{"rendered":"Vladim\u00edr HOLAN: <br><i>Quelques po\u00e8mes \u2013 B\u00e1sn\u011b<\/i>.<br>2002"},"content":{"rendered":"<p><strong><em>Form\u00e1t 12 x 17,5 cm.<br \/>\n<\/em><\/strong><strong><em>54 stran. V\u00e1zan\u00e1. Barevn\u00e1 ob\u00e1lka.<br \/>\n<\/em><\/strong><strong><em>ISBN Liter\u00e1rn\u00ed \u010dajovna Suzanne Renaud\u202f: 80-902231-7-6<br \/>\n<\/em><\/strong><strong><em>ISBN Romarin\u202f: 2\u2013910544\u201309\u20135<\/em><\/strong><\/p>\n<p>Spole\u010dn\u00e9 nakladatelstv\u00ed Romarin et Liter\u00e1rn\u00ed \u010dajovna Suzanne Renaud, Grenoble a Havl\u00ed\u010dk\u016fv Brod 2002.<br \/>\nDvojjazy\u010dn\u00e9 vyd\u00e1n\u00ed ve francouz\u0161tin\u011b a v \u010de\u0161tin\u011b b\u00e1sn\u00ed Vladim\u00edra Holana v p\u0159ekladu Suzanne Renaudov\u00e9 a Bohuslava Reynka.<br \/>\nDoslov Jan Vladislav.<br \/>\nIlustrace: 4 such\u00fdch jehel B.\u00a0Reynka, 4 faksimile rukopisu B.\u00a0Reynka, S.\u00a0Renaudov\u00e1 a V.\u00a0Holana.<\/p>\n","protected":false},"excerpt":{"rendered":"<p>Vladim\u00edru Holanovi vych\u00e1zely \u010detn\u00e9 sb\u00edrky p\u0159ed druhou sv\u011btovou v\u00e1lkou i b\u011bhem n\u00ed, pot\u00e9 mu bylo prakticky a\u017e do za\u010d\u00e1tku \u0161edes\u00e1t\u00fdch let publikov\u00e1n\u00ed zak\u00e1zano. Suzanne Renaudov\u00e1 a Bohuslav Reynek p\u0159elo\u017eili n\u011bkolik b\u00e1sn\u00ed tohoto velk\u00e9ho b\u00e1sn\u00edka pro sv\u00e9 p\u0159\u00e1tele. P\u0159eklady z\u016fstaly nevydan\u00e9, voln\u011b psan\u00e9 a spont\u00e1nn\u00ed, z\u016fstaly zachov\u00e1ny na r\u016fzn\u00fdch mal\u00fdch l\u00edstk\u00e1ch a \u0161kartk\u00e1ch. N\u011bkdy byly sp\u011b\u0161n\u011b zaznamen\u00e1ny v dopisech a posl\u00e1ny p\u0159\u00edtelkyni do Francie, jako tomu bylo nap\u0159\u00edklad u prvn\u00edch \u010dty\u0159 b\u00e1sn\u00ed. V t\u00e9to sb\u00edrce vych\u00e1zej\u00ed poprv\u00e9. P\u0159\u00e1telstv\u00ed Reynka a Holana pat\u0159\u00ed k on\u011bm \u201esetk\u00e1n\u00edm na d\u00e1lku\u201c, za kter\u00e9 vd\u011b\u010d\u00edme poezii \u201eje\u017e odol\u00e1v\u00e1 \u010dasu a smrti\u201c [\u2026] Holan si Reynkov\u00fdch p\u0159eklad\u016f v\u00e1\u017eil, m\u011bl r\u00e1d jeho poezii a grafiky, obdivoval ho jako \u010dlov\u011bka. \u201ekdy\u017e tu na Kamp\u011b byla p\u0159ed lety Va\u0161e pan\u00ed\u201c, p\u00ed\u0161e Holan Reynkovi u p\u0159\u00edle\u017eitosti jeho 75t\u00fdch narozenin, \u201e\u0159ekl jsem si: kn\u011b\u017ena. Ale to u\u017e d\u00e1vno p\u0159edt\u00edm jsem v\u011bd\u011bl, \u017ee jste vz\u00e1cn\u00e1 bytost, b\u00e1sn\u00edk a grafik samosv\u016fj a p\u0159ekladatel objevitel\u201c. (Jan Vladislav, doslov).<\/p>\n","protected":false},"featured_media":1348,"comment_status":"open","ping_status":"closed","template":"","meta":{"_acf_changed":false},"product_brand":[],"product_cat":[243],"product_tag":[],"class_list":{"0":"post-6564","1":"product","2":"type-product","3":"status-publish","4":"has-post-thumbnail","6":"product_cat-vladimir-holan-cs","8":"first","9":"instock","10":"shipping-taxable","11":"product-type-simple"},"acf":[],"yoast_head":"<!-- This site is optimized with the Yoast SEO plugin v27.4 - https:\/\/yoast.com\/product\/yoast-seo-wordpress\/ -->\n<title>Association Romarin - Vladim\u00edr HOLAN: Quelques po\u00e8mes \u2013 B\u00e1sn\u011b.2002<\/title>\n<meta name=\"description\" content=\"Site de l&#039;Association Romarin. D\u00e9couvrez les \u0153uvres du graveur tch\u00e8que Bohuslav Reynek et de Suzanne Renaud, po\u00e8te, son \u00e9pouse grenobloise.\" \/>\n<meta name=\"robots\" content=\"index, follow, max-snippet:-1, max-image-preview:large, max-video-preview:-1\" \/>\n<link rel=\"canonical\" href=\"https:\/\/renaud-reynek.com\/cs\/catalogue-editorial\/vladimir-holan-cs\/vladimir-holan-quelques-poemes-basne-2002-holan_quelquespoemes2002-jpg\/\" \/>\n<meta property=\"og:locale\" content=\"cs_CZ\" \/>\n<meta property=\"og:type\" content=\"article\" \/>\n<meta property=\"og:title\" content=\"Association Romarin - Vladim\u00edr HOLAN: Quelques po\u00e8mes \u2013 B\u00e1sn\u011b.2002\" \/>\n<meta property=\"og:description\" content=\"Site de l&#039;Association Romarin. D\u00e9couvrez les \u0153uvres du graveur tch\u00e8que Bohuslav Reynek et de Suzanne Renaud, po\u00e8te, son \u00e9pouse grenobloise.\" \/>\n<meta property=\"og:url\" content=\"https:\/\/renaud-reynek.com\/cs\/catalogue-editorial\/vladimir-holan-cs\/vladimir-holan-quelques-poemes-basne-2002-holan_quelquespoemes2002-jpg\/\" \/>\n<meta property=\"og:site_name\" content=\"Association Romarin\" \/>\n<meta property=\"article:modified_time\" content=\"2023-07-16T15:27:11+00:00\" \/>\n<meta property=\"og:image\" content=\"https:\/\/renaud-reynek.com\/wp-content\/uploads\/2020\/01\/Holan_QuelquesPoemes2002.jpg\" \/>\n\t<meta property=\"og:image:width\" content=\"1000\" \/>\n\t<meta property=\"og:image:height\" content=\"1429\" \/>\n\t<meta property=\"og:image:type\" content=\"image\/jpeg\" \/>\n<meta name=\"twitter:card\" content=\"summary_large_image\" \/>\n<meta name=\"twitter:label1\" content=\"Odhadovan\u00e1 doba \u010dten\u00ed\" \/>\n\t<meta name=\"twitter:data1\" content=\"1 minuta\" \/>\n<script type=\"application\/ld+json\" class=\"yoast-schema-graph\">{\"@context\":\"https:\\\/\\\/schema.org\",\"@graph\":[{\"@type\":\"WebPage\",\"@id\":\"https:\\\/\\\/renaud-reynek.com\\\/cs\\\/catalogue-editorial\\\/vladimir-holan-cs\\\/vladimir-holan-quelques-poemes-basne-2002-holan_quelquespoemes2002-jpg\\\/\",\"url\":\"https:\\\/\\\/renaud-reynek.com\\\/cs\\\/catalogue-editorial\\\/vladimir-holan-cs\\\/vladimir-holan-quelques-poemes-basne-2002-holan_quelquespoemes2002-jpg\\\/\",\"name\":\"Association Romarin - Vladim\u00edr HOLAN: Quelques po\u00e8mes \u2013 B\u00e1sn\u011b. 2002\",\"isPartOf\":{\"@id\":\"https:\\\/\\\/renaud-reynek.com\\\/cs\\\/#website\"},\"primaryImageOfPage\":{\"@id\":\"https:\\\/\\\/renaud-reynek.com\\\/cs\\\/catalogue-editorial\\\/vladimir-holan-cs\\\/vladimir-holan-quelques-poemes-basne-2002-holan_quelquespoemes2002-jpg\\\/#primaryimage\"},\"image\":{\"@id\":\"https:\\\/\\\/renaud-reynek.com\\\/cs\\\/catalogue-editorial\\\/vladimir-holan-cs\\\/vladimir-holan-quelques-poemes-basne-2002-holan_quelquespoemes2002-jpg\\\/#primaryimage\"},\"thumbnailUrl\":\"https:\\\/\\\/renaud-reynek.com\\\/wp-content\\\/uploads\\\/2020\\\/01\\\/Holan_QuelquesPoemes2002.jpg\",\"datePublished\":\"2020-01-09T23:59:02+00:00\",\"dateModified\":\"2023-07-16T15:27:11+00:00\",\"description\":\"Site de l'Association Romarin. D\u00e9couvrez les \u0153uvres du graveur tch\u00e8que Bohuslav Reynek et de Suzanne Renaud, po\u00e8te, son \u00e9pouse grenobloise.\",\"breadcrumb\":{\"@id\":\"https:\\\/\\\/renaud-reynek.com\\\/cs\\\/catalogue-editorial\\\/vladimir-holan-cs\\\/vladimir-holan-quelques-poemes-basne-2002-holan_quelquespoemes2002-jpg\\\/#breadcrumb\"},\"inLanguage\":\"cs\",\"potentialAction\":[{\"@type\":\"ReadAction\",\"target\":[\"https:\\\/\\\/renaud-reynek.com\\\/cs\\\/catalogue-editorial\\\/vladimir-holan-cs\\\/vladimir-holan-quelques-poemes-basne-2002-holan_quelquespoemes2002-jpg\\\/\"]}]},{\"@type\":\"ImageObject\",\"inLanguage\":\"cs\",\"@id\":\"https:\\\/\\\/renaud-reynek.com\\\/cs\\\/catalogue-editorial\\\/vladimir-holan-cs\\\/vladimir-holan-quelques-poemes-basne-2002-holan_quelquespoemes2002-jpg\\\/#primaryimage\",\"url\":\"https:\\\/\\\/renaud-reynek.com\\\/wp-content\\\/uploads\\\/2020\\\/01\\\/Holan_QuelquesPoemes2002.jpg\",\"contentUrl\":\"https:\\\/\\\/renaud-reynek.com\\\/wp-content\\\/uploads\\\/2020\\\/01\\\/Holan_QuelquesPoemes2002.jpg\",\"width\":1000,\"height\":1429},{\"@type\":\"BreadcrumbList\",\"@id\":\"https:\\\/\\\/renaud-reynek.com\\\/cs\\\/catalogue-editorial\\\/vladimir-holan-cs\\\/vladimir-holan-quelques-poemes-basne-2002-holan_quelquespoemes2002-jpg\\\/#breadcrumb\",\"itemListElement\":[{\"@type\":\"ListItem\",\"position\":1,\"name\":\"Accueil\",\"item\":\"https:\\\/\\\/renaud-reynek.com\\\/cs\\\/\"},{\"@type\":\"ListItem\",\"position\":2,\"name\":\"Produkty\",\"item\":\"https:\\\/\\\/renaud-reynek.com\\\/cs\\\/shop\\\/\"},{\"@type\":\"ListItem\",\"position\":3,\"name\":\"Vladim\u00edr HOLAN: Quelques po\u00e8mes \u2013 B\u00e1sn\u011b.2002\"}]},{\"@type\":\"WebSite\",\"@id\":\"https:\\\/\\\/renaud-reynek.com\\\/cs\\\/#website\",\"url\":\"https:\\\/\\\/renaud-reynek.com\\\/cs\\\/\",\"name\":\"Association Romarin\",\"description\":\"Les Amis de Suzanne Renaud et Bohuslav Reynek\",\"potentialAction\":[{\"@type\":\"SearchAction\",\"target\":{\"@type\":\"EntryPoint\",\"urlTemplate\":\"https:\\\/\\\/renaud-reynek.com\\\/cs\\\/?s={search_term_string}\"},\"query-input\":{\"@type\":\"PropertyValueSpecification\",\"valueRequired\":true,\"valueName\":\"search_term_string\"}}],\"inLanguage\":\"cs\"}]}<\/script>\n<!-- \/ Yoast SEO plugin. -->","yoast_head_json":{"title":"Association Romarin - Vladim\u00edr HOLAN: Quelques po\u00e8mes \u2013 B\u00e1sn\u011b.2002","description":"Site de l'Association Romarin. D\u00e9couvrez les \u0153uvres du graveur tch\u00e8que Bohuslav Reynek et de Suzanne Renaud, po\u00e8te, son \u00e9pouse grenobloise.","robots":{"index":"index","follow":"follow","max-snippet":"max-snippet:-1","max-image-preview":"max-image-preview:large","max-video-preview":"max-video-preview:-1"},"canonical":"https:\/\/renaud-reynek.com\/cs\/catalogue-editorial\/vladimir-holan-cs\/vladimir-holan-quelques-poemes-basne-2002-holan_quelquespoemes2002-jpg\/","og_locale":"cs_CZ","og_type":"article","og_title":"Association Romarin - Vladim\u00edr HOLAN: Quelques po\u00e8mes \u2013 B\u00e1sn\u011b.2002","og_description":"Site de l'Association Romarin. D\u00e9couvrez les \u0153uvres du graveur tch\u00e8que Bohuslav Reynek et de Suzanne Renaud, po\u00e8te, son \u00e9pouse grenobloise.","og_url":"https:\/\/renaud-reynek.com\/cs\/catalogue-editorial\/vladimir-holan-cs\/vladimir-holan-quelques-poemes-basne-2002-holan_quelquespoemes2002-jpg\/","og_site_name":"Association Romarin","article_modified_time":"2023-07-16T15:27:11+00:00","og_image":[{"width":1000,"height":1429,"url":"https:\/\/renaud-reynek.com\/wp-content\/uploads\/2020\/01\/Holan_QuelquesPoemes2002.jpg","type":"image\/jpeg"}],"twitter_card":"summary_large_image","twitter_misc":{"Odhadovan\u00e1 doba \u010dten\u00ed":"1 minuta"},"schema":{"@context":"https:\/\/schema.org","@graph":[{"@type":"WebPage","@id":"https:\/\/renaud-reynek.com\/cs\/catalogue-editorial\/vladimir-holan-cs\/vladimir-holan-quelques-poemes-basne-2002-holan_quelquespoemes2002-jpg\/","url":"https:\/\/renaud-reynek.com\/cs\/catalogue-editorial\/vladimir-holan-cs\/vladimir-holan-quelques-poemes-basne-2002-holan_quelquespoemes2002-jpg\/","name":"Association Romarin - Vladim\u00edr HOLAN: Quelques po\u00e8mes \u2013 B\u00e1sn\u011b. 2002","isPartOf":{"@id":"https:\/\/renaud-reynek.com\/cs\/#website"},"primaryImageOfPage":{"@id":"https:\/\/renaud-reynek.com\/cs\/catalogue-editorial\/vladimir-holan-cs\/vladimir-holan-quelques-poemes-basne-2002-holan_quelquespoemes2002-jpg\/#primaryimage"},"image":{"@id":"https:\/\/renaud-reynek.com\/cs\/catalogue-editorial\/vladimir-holan-cs\/vladimir-holan-quelques-poemes-basne-2002-holan_quelquespoemes2002-jpg\/#primaryimage"},"thumbnailUrl":"https:\/\/renaud-reynek.com\/wp-content\/uploads\/2020\/01\/Holan_QuelquesPoemes2002.jpg","datePublished":"2020-01-09T23:59:02+00:00","dateModified":"2023-07-16T15:27:11+00:00","description":"Site de l'Association Romarin. D\u00e9couvrez les \u0153uvres du graveur tch\u00e8que Bohuslav Reynek et de Suzanne Renaud, po\u00e8te, son \u00e9pouse grenobloise.","breadcrumb":{"@id":"https:\/\/renaud-reynek.com\/cs\/catalogue-editorial\/vladimir-holan-cs\/vladimir-holan-quelques-poemes-basne-2002-holan_quelquespoemes2002-jpg\/#breadcrumb"},"inLanguage":"cs","potentialAction":[{"@type":"ReadAction","target":["https:\/\/renaud-reynek.com\/cs\/catalogue-editorial\/vladimir-holan-cs\/vladimir-holan-quelques-poemes-basne-2002-holan_quelquespoemes2002-jpg\/"]}]},{"@type":"ImageObject","inLanguage":"cs","@id":"https:\/\/renaud-reynek.com\/cs\/catalogue-editorial\/vladimir-holan-cs\/vladimir-holan-quelques-poemes-basne-2002-holan_quelquespoemes2002-jpg\/#primaryimage","url":"https:\/\/renaud-reynek.com\/wp-content\/uploads\/2020\/01\/Holan_QuelquesPoemes2002.jpg","contentUrl":"https:\/\/renaud-reynek.com\/wp-content\/uploads\/2020\/01\/Holan_QuelquesPoemes2002.jpg","width":1000,"height":1429},{"@type":"BreadcrumbList","@id":"https:\/\/renaud-reynek.com\/cs\/catalogue-editorial\/vladimir-holan-cs\/vladimir-holan-quelques-poemes-basne-2002-holan_quelquespoemes2002-jpg\/#breadcrumb","itemListElement":[{"@type":"ListItem","position":1,"name":"Accueil","item":"https:\/\/renaud-reynek.com\/cs\/"},{"@type":"ListItem","position":2,"name":"Produkty","item":"https:\/\/renaud-reynek.com\/cs\/shop\/"},{"@type":"ListItem","position":3,"name":"Vladim\u00edr HOLAN: Quelques po\u00e8mes \u2013 B\u00e1sn\u011b.2002"}]},{"@type":"WebSite","@id":"https:\/\/renaud-reynek.com\/cs\/#website","url":"https:\/\/renaud-reynek.com\/cs\/","name":"Association Romarin","description":"Les Amis de Suzanne Renaud et Bohuslav Reynek","potentialAction":[{"@type":"SearchAction","target":{"@type":"EntryPoint","urlTemplate":"https:\/\/renaud-reynek.com\/cs\/?s={search_term_string}"},"query-input":{"@type":"PropertyValueSpecification","valueRequired":true,"valueName":"search_term_string"}}],"inLanguage":"cs"}]}},"_links":{"self":[{"href":"https:\/\/renaud-reynek.com\/cs\/wp-json\/wp\/v2\/product\/6564","targetHints":{"allow":["GET"]}}],"collection":[{"href":"https:\/\/renaud-reynek.com\/cs\/wp-json\/wp\/v2\/product"}],"about":[{"href":"https:\/\/renaud-reynek.com\/cs\/wp-json\/wp\/v2\/types\/product"}],"replies":[{"embeddable":true,"href":"https:\/\/renaud-reynek.com\/cs\/wp-json\/wp\/v2\/comments?post=6564"}],"wp:featuredmedia":[{"embeddable":true,"href":"https:\/\/renaud-reynek.com\/cs\/wp-json\/wp\/v2\/media\/1348"}],"wp:attachment":[{"href":"https:\/\/renaud-reynek.com\/cs\/wp-json\/wp\/v2\/media?parent=6564"}],"wp:term":[{"taxonomy":"product_brand","embeddable":true,"href":"https:\/\/renaud-reynek.com\/cs\/wp-json\/wp\/v2\/product_brand?post=6564"},{"taxonomy":"product_cat","embeddable":true,"href":"https:\/\/renaud-reynek.com\/cs\/wp-json\/wp\/v2\/product_cat?post=6564"},{"taxonomy":"product_tag","embeddable":true,"href":"https:\/\/renaud-reynek.com\/cs\/wp-json\/wp\/v2\/product_tag?post=6564"}],"curies":[{"name":"wp","href":"https:\/\/api.w.org\/{rel}","templated":true}]}}