{"id":6562,"date":"2020-01-10T01:02:27","date_gmt":"2020-01-10T00:02:27","guid":{"rendered":"https:\/\/renaud-reynek.com\/catalogue-editorial\/nezarazene\/bohuslav-reynek-la-lune-et-le-givre-mesic-a-jini-2004\/"},"modified":"2023-07-16T17:24:03","modified_gmt":"2023-07-16T15:24:03","slug":"bohuslav-reynek-la-lune-et-le-givre-mesic-a-jini-2004","status":"publish","type":"product","link":"https:\/\/renaud-reynek.com\/cs\/catalogue-editorial\/bohuslav-reynek-cs\/bohuslav-reynek-la-lune-et-le-givre-mesic-a-jini-2004\/","title":{"rendered":"Bohuslav REYNEK: <br><i>La lune et le givre \u2013 M\u011bs\u00edc a j\u00edn\u00ed<\/i>.<br>2004 <p style=\"padding-top: 10px; margin-bottom: 5px; font-family: lora; font-size: 15px; color:#A26C46;\">Vyprod\u00e1no<\/p>"},"content":{"rendered":"<p><strong><em>Form\u00e1t 14,5 x 17,5 cm.<br \/><\/em><\/strong><strong><em>76 stran. V\u00e1zan\u00e1, ilustrovan\u00e1 ob\u00e1lka.<br \/><\/em><\/strong><strong><em>ISBN Liter\u00e1rn\u00ed \u010dajovna Suzanne Renaud<\/em><\/strong>\u202f<strong><em>: 80-86653-02-1<br \/><\/em><\/strong><strong><em>ISBN<\/em><\/strong><strong><em> Romarin\u202f: 2\u2013910544\u201311\u20137<\/em><\/strong><\/p>\n<p>Spole\u010dn\u00e9 nakladatelstv\u00ed Romarin a Liter\u00e1rn\u00ed \u010dajovna Suzanne Renaud,<br \/>Grenoble a Havl\u00ed\u010dk\u016fv Brod 2004.<br \/>Dvojjazy\u010dn\u00e9 vyd\u00e1n\u00ed ve francouz\u0161tin\u011b a v \u010de\u0161tin\u011b, b\u00e1sn\u00ed Bohuslava Reynka, Fr\u00e8re \u00c9lie, X.&nbsp;Galmiche, P.&nbsp;Kr\u00e1l, S.&nbsp;Renaud, B.&nbsp;Reynek, Michel (Ji\u0159\u00ed) Reynek.<br \/>Ilustrace: deset clich\u00e9s-verre Bohuslava Reynka.<br \/>Kniha vych\u00e1z\u00ed s laskavou podporou Centre National du Livre, Pa\u0159\u00ed\u017e, a Conseil g\u00e9n\u00e9ral de l\u2019Is\u00e8re.<\/p>\n","protected":false},"excerpt":{"rendered":"<p>Bohuslav Reynek vydal za \u017eivota t\u0159in\u00e1ct b\u00e1snick\u00fdch sb\u00edrek, posledn\u00ed, Odlet vla\u0161tovek, z\u016fstala nevyd\u00e1na. Jeho \u010dist\u00e1 poezie, jej\u00ed\u017e kr\u00e1tk\u00e9 ver\u0161e nen\u00ed snadn\u00e9 p\u0159ev\u00e9st do francouz\u0161tiny, nen\u00ed dosud ve Francii zn\u00e1ma. V bibliofilsk\u00fdch vyd\u00e1n\u00edch nebo v antologi\u00edch \u010desk\u00e9 poezie vy\u0161lo pouze n\u011bkolik jeho b\u00e1sn\u00ed. V\u00fdjimkou je Had na sn\u011bhu, sb\u00edrka b\u00e1sn\u00ed v pr\u00f3ze, kter\u00e1 vy\u0161la v p\u0159ekladu Xaviera Galmiche ve dvojjazy\u010dn\u00e9m vyd\u00e1n\u00ed nakladatelstv\u00ed Romarin (1997). Sb\u00edrka M\u011bs\u00edc a j\u00edn\u00ed p\u0159in\u00e1\u0161\u00ed t\u0159iadvacet b\u00e1sn\u00ed, jejich\u017e francouzsk\u00fd p\u0159eklad od r\u016fzn\u00fdch p\u0159ekladatel\u016f bl\u00edzk\u00fdch b\u00e1sn\u00edkovi vych\u00e1z\u00ed ve sv\u00e9 v\u011bt\u0161in\u011b poprv\u00e9. Doprov\u00e1z\u00ed je n\u011bkolik clich\u00e9-verre Bohuslava Reynka, kter\u00e9 vznikly v roce 1952.<\/p>\n","protected":false},"featured_media":1360,"comment_status":"open","ping_status":"closed","template":"","meta":{"_acf_changed":false},"product_brand":[],"product_cat":[211],"product_tag":[],"class_list":{"0":"post-6562","1":"product","2":"type-product","3":"status-publish","4":"has-post-thumbnail","6":"product_cat-bohuslav-reynek-cs","8":"first","9":"outofstock","10":"shipping-taxable","11":"product-type-simple"},"acf":[],"yoast_head":"<!-- This site is optimized with the Yoast SEO plugin v27.4 - https:\/\/yoast.com\/product\/yoast-seo-wordpress\/ -->\n<title>Association Romarin - Bohuslav REYNEK: La lune et le givre \u2013 M\u011bs\u00edc a j\u00edn\u00ed.2004 Vyprod\u00e1no<\/title>\n<meta name=\"description\" content=\"Site de l&#039;Association Romarin. D\u00e9couvrez les \u0153uvres du graveur tch\u00e8que Bohuslav Reynek et de Suzanne Renaud, po\u00e8te, son \u00e9pouse grenobloise.\" \/>\n<meta name=\"robots\" content=\"index, follow, max-snippet:-1, max-image-preview:large, max-video-preview:-1\" \/>\n<link rel=\"canonical\" href=\"https:\/\/renaud-reynek.com\/cs\/catalogue-editorial\/bohuslav-reynek-cs\/bohuslav-reynek-la-lune-et-le-givre-mesic-a-jini-2004\/\" \/>\n<meta property=\"og:locale\" content=\"cs_CZ\" \/>\n<meta property=\"og:type\" content=\"article\" \/>\n<meta property=\"og:title\" content=\"Association Romarin - Bohuslav REYNEK: La lune et le givre \u2013 M\u011bs\u00edc a j\u00edn\u00ed.2004 Vyprod\u00e1no\" \/>\n<meta property=\"og:description\" content=\"Site de l&#039;Association Romarin. D\u00e9couvrez les \u0153uvres du graveur tch\u00e8que Bohuslav Reynek et de Suzanne Renaud, po\u00e8te, son \u00e9pouse grenobloise.\" \/>\n<meta property=\"og:url\" content=\"https:\/\/renaud-reynek.com\/cs\/catalogue-editorial\/bohuslav-reynek-cs\/bohuslav-reynek-la-lune-et-le-givre-mesic-a-jini-2004\/\" \/>\n<meta property=\"og:site_name\" content=\"Association Romarin\" \/>\n<meta property=\"article:modified_time\" content=\"2023-07-16T15:24:03+00:00\" \/>\n<meta property=\"og:image\" content=\"https:\/\/renaud-reynek.com\/wp-content\/uploads\/2020\/01\/BR_LaLune2004.jpg\" \/>\n\t<meta property=\"og:image:width\" content=\"1000\" \/>\n\t<meta property=\"og:image:height\" content=\"1219\" \/>\n\t<meta property=\"og:image:type\" content=\"image\/jpeg\" \/>\n<meta name=\"twitter:card\" content=\"summary_large_image\" \/>\n<meta name=\"twitter:label1\" content=\"Odhadovan\u00e1 doba \u010dten\u00ed\" \/>\n\t<meta name=\"twitter:data1\" content=\"1 minuta\" \/>\n<script type=\"application\/ld+json\" class=\"yoast-schema-graph\">{\"@context\":\"https:\\\/\\\/schema.org\",\"@graph\":[{\"@type\":\"WebPage\",\"@id\":\"https:\\\/\\\/renaud-reynek.com\\\/cs\\\/catalogue-editorial\\\/bohuslav-reynek-cs\\\/bohuslav-reynek-la-lune-et-le-givre-mesic-a-jini-2004\\\/\",\"url\":\"https:\\\/\\\/renaud-reynek.com\\\/cs\\\/catalogue-editorial\\\/bohuslav-reynek-cs\\\/bohuslav-reynek-la-lune-et-le-givre-mesic-a-jini-2004\\\/\",\"name\":\"Association Romarin - Bohuslav REYNEK: La lune et le givre \u2013 M\u011bs\u00edc a j\u00edn\u00ed. 2004 Vyprod\u00e1no\",\"isPartOf\":{\"@id\":\"https:\\\/\\\/renaud-reynek.com\\\/cs\\\/#website\"},\"primaryImageOfPage\":{\"@id\":\"https:\\\/\\\/renaud-reynek.com\\\/cs\\\/catalogue-editorial\\\/bohuslav-reynek-cs\\\/bohuslav-reynek-la-lune-et-le-givre-mesic-a-jini-2004\\\/#primaryimage\"},\"image\":{\"@id\":\"https:\\\/\\\/renaud-reynek.com\\\/cs\\\/catalogue-editorial\\\/bohuslav-reynek-cs\\\/bohuslav-reynek-la-lune-et-le-givre-mesic-a-jini-2004\\\/#primaryimage\"},\"thumbnailUrl\":\"https:\\\/\\\/renaud-reynek.com\\\/wp-content\\\/uploads\\\/2020\\\/01\\\/BR_LaLune2004.jpg\",\"datePublished\":\"2020-01-10T00:02:27+00:00\",\"dateModified\":\"2023-07-16T15:24:03+00:00\",\"description\":\"Site de l'Association Romarin. D\u00e9couvrez les \u0153uvres du graveur tch\u00e8que Bohuslav Reynek et de Suzanne Renaud, po\u00e8te, son \u00e9pouse grenobloise.\",\"breadcrumb\":{\"@id\":\"https:\\\/\\\/renaud-reynek.com\\\/cs\\\/catalogue-editorial\\\/bohuslav-reynek-cs\\\/bohuslav-reynek-la-lune-et-le-givre-mesic-a-jini-2004\\\/#breadcrumb\"},\"inLanguage\":\"cs\",\"potentialAction\":[{\"@type\":\"ReadAction\",\"target\":[\"https:\\\/\\\/renaud-reynek.com\\\/cs\\\/catalogue-editorial\\\/bohuslav-reynek-cs\\\/bohuslav-reynek-la-lune-et-le-givre-mesic-a-jini-2004\\\/\"]}]},{\"@type\":\"ImageObject\",\"inLanguage\":\"cs\",\"@id\":\"https:\\\/\\\/renaud-reynek.com\\\/cs\\\/catalogue-editorial\\\/bohuslav-reynek-cs\\\/bohuslav-reynek-la-lune-et-le-givre-mesic-a-jini-2004\\\/#primaryimage\",\"url\":\"https:\\\/\\\/renaud-reynek.com\\\/wp-content\\\/uploads\\\/2020\\\/01\\\/BR_LaLune2004.jpg\",\"contentUrl\":\"https:\\\/\\\/renaud-reynek.com\\\/wp-content\\\/uploads\\\/2020\\\/01\\\/BR_LaLune2004.jpg\",\"width\":1000,\"height\":1219},{\"@type\":\"BreadcrumbList\",\"@id\":\"https:\\\/\\\/renaud-reynek.com\\\/cs\\\/catalogue-editorial\\\/bohuslav-reynek-cs\\\/bohuslav-reynek-la-lune-et-le-givre-mesic-a-jini-2004\\\/#breadcrumb\",\"itemListElement\":[{\"@type\":\"ListItem\",\"position\":1,\"name\":\"Accueil\",\"item\":\"https:\\\/\\\/renaud-reynek.com\\\/cs\\\/\"},{\"@type\":\"ListItem\",\"position\":2,\"name\":\"Produkty\",\"item\":\"https:\\\/\\\/renaud-reynek.com\\\/cs\\\/shop\\\/\"},{\"@type\":\"ListItem\",\"position\":3,\"name\":\"Bohuslav REYNEK: La lune et le givre \u2013 M\u011bs\u00edc a j\u00edn\u00ed.2004 Vyprod\u00e1no\"}]},{\"@type\":\"WebSite\",\"@id\":\"https:\\\/\\\/renaud-reynek.com\\\/cs\\\/#website\",\"url\":\"https:\\\/\\\/renaud-reynek.com\\\/cs\\\/\",\"name\":\"Association Romarin\",\"description\":\"Les Amis de Suzanne Renaud et Bohuslav Reynek\",\"potentialAction\":[{\"@type\":\"SearchAction\",\"target\":{\"@type\":\"EntryPoint\",\"urlTemplate\":\"https:\\\/\\\/renaud-reynek.com\\\/cs\\\/?s={search_term_string}\"},\"query-input\":{\"@type\":\"PropertyValueSpecification\",\"valueRequired\":true,\"valueName\":\"search_term_string\"}}],\"inLanguage\":\"cs\"}]}<\/script>\n<!-- \/ Yoast SEO plugin. -->","yoast_head_json":{"title":"Association Romarin - Bohuslav REYNEK: La lune et le givre \u2013 M\u011bs\u00edc a j\u00edn\u00ed.2004 Vyprod\u00e1no","description":"Site de l'Association Romarin. D\u00e9couvrez les \u0153uvres du graveur tch\u00e8que Bohuslav Reynek et de Suzanne Renaud, po\u00e8te, son \u00e9pouse grenobloise.","robots":{"index":"index","follow":"follow","max-snippet":"max-snippet:-1","max-image-preview":"max-image-preview:large","max-video-preview":"max-video-preview:-1"},"canonical":"https:\/\/renaud-reynek.com\/cs\/catalogue-editorial\/bohuslav-reynek-cs\/bohuslav-reynek-la-lune-et-le-givre-mesic-a-jini-2004\/","og_locale":"cs_CZ","og_type":"article","og_title":"Association Romarin - Bohuslav REYNEK: La lune et le givre \u2013 M\u011bs\u00edc a j\u00edn\u00ed.2004 Vyprod\u00e1no","og_description":"Site de l'Association Romarin. D\u00e9couvrez les \u0153uvres du graveur tch\u00e8que Bohuslav Reynek et de Suzanne Renaud, po\u00e8te, son \u00e9pouse grenobloise.","og_url":"https:\/\/renaud-reynek.com\/cs\/catalogue-editorial\/bohuslav-reynek-cs\/bohuslav-reynek-la-lune-et-le-givre-mesic-a-jini-2004\/","og_site_name":"Association Romarin","article_modified_time":"2023-07-16T15:24:03+00:00","og_image":[{"width":1000,"height":1219,"url":"https:\/\/renaud-reynek.com\/wp-content\/uploads\/2020\/01\/BR_LaLune2004.jpg","type":"image\/jpeg"}],"twitter_card":"summary_large_image","twitter_misc":{"Odhadovan\u00e1 doba \u010dten\u00ed":"1 minuta"},"schema":{"@context":"https:\/\/schema.org","@graph":[{"@type":"WebPage","@id":"https:\/\/renaud-reynek.com\/cs\/catalogue-editorial\/bohuslav-reynek-cs\/bohuslav-reynek-la-lune-et-le-givre-mesic-a-jini-2004\/","url":"https:\/\/renaud-reynek.com\/cs\/catalogue-editorial\/bohuslav-reynek-cs\/bohuslav-reynek-la-lune-et-le-givre-mesic-a-jini-2004\/","name":"Association Romarin - Bohuslav REYNEK: La lune et le givre \u2013 M\u011bs\u00edc a j\u00edn\u00ed. 2004 Vyprod\u00e1no","isPartOf":{"@id":"https:\/\/renaud-reynek.com\/cs\/#website"},"primaryImageOfPage":{"@id":"https:\/\/renaud-reynek.com\/cs\/catalogue-editorial\/bohuslav-reynek-cs\/bohuslav-reynek-la-lune-et-le-givre-mesic-a-jini-2004\/#primaryimage"},"image":{"@id":"https:\/\/renaud-reynek.com\/cs\/catalogue-editorial\/bohuslav-reynek-cs\/bohuslav-reynek-la-lune-et-le-givre-mesic-a-jini-2004\/#primaryimage"},"thumbnailUrl":"https:\/\/renaud-reynek.com\/wp-content\/uploads\/2020\/01\/BR_LaLune2004.jpg","datePublished":"2020-01-10T00:02:27+00:00","dateModified":"2023-07-16T15:24:03+00:00","description":"Site de l'Association Romarin. D\u00e9couvrez les \u0153uvres du graveur tch\u00e8que Bohuslav Reynek et de Suzanne Renaud, po\u00e8te, son \u00e9pouse grenobloise.","breadcrumb":{"@id":"https:\/\/renaud-reynek.com\/cs\/catalogue-editorial\/bohuslav-reynek-cs\/bohuslav-reynek-la-lune-et-le-givre-mesic-a-jini-2004\/#breadcrumb"},"inLanguage":"cs","potentialAction":[{"@type":"ReadAction","target":["https:\/\/renaud-reynek.com\/cs\/catalogue-editorial\/bohuslav-reynek-cs\/bohuslav-reynek-la-lune-et-le-givre-mesic-a-jini-2004\/"]}]},{"@type":"ImageObject","inLanguage":"cs","@id":"https:\/\/renaud-reynek.com\/cs\/catalogue-editorial\/bohuslav-reynek-cs\/bohuslav-reynek-la-lune-et-le-givre-mesic-a-jini-2004\/#primaryimage","url":"https:\/\/renaud-reynek.com\/wp-content\/uploads\/2020\/01\/BR_LaLune2004.jpg","contentUrl":"https:\/\/renaud-reynek.com\/wp-content\/uploads\/2020\/01\/BR_LaLune2004.jpg","width":1000,"height":1219},{"@type":"BreadcrumbList","@id":"https:\/\/renaud-reynek.com\/cs\/catalogue-editorial\/bohuslav-reynek-cs\/bohuslav-reynek-la-lune-et-le-givre-mesic-a-jini-2004\/#breadcrumb","itemListElement":[{"@type":"ListItem","position":1,"name":"Accueil","item":"https:\/\/renaud-reynek.com\/cs\/"},{"@type":"ListItem","position":2,"name":"Produkty","item":"https:\/\/renaud-reynek.com\/cs\/shop\/"},{"@type":"ListItem","position":3,"name":"Bohuslav REYNEK: La lune et le givre \u2013 M\u011bs\u00edc a j\u00edn\u00ed.2004 Vyprod\u00e1no"}]},{"@type":"WebSite","@id":"https:\/\/renaud-reynek.com\/cs\/#website","url":"https:\/\/renaud-reynek.com\/cs\/","name":"Association Romarin","description":"Les Amis de Suzanne Renaud et Bohuslav Reynek","potentialAction":[{"@type":"SearchAction","target":{"@type":"EntryPoint","urlTemplate":"https:\/\/renaud-reynek.com\/cs\/?s={search_term_string}"},"query-input":{"@type":"PropertyValueSpecification","valueRequired":true,"valueName":"search_term_string"}}],"inLanguage":"cs"}]}},"_links":{"self":[{"href":"https:\/\/renaud-reynek.com\/cs\/wp-json\/wp\/v2\/product\/6562","targetHints":{"allow":["GET"]}}],"collection":[{"href":"https:\/\/renaud-reynek.com\/cs\/wp-json\/wp\/v2\/product"}],"about":[{"href":"https:\/\/renaud-reynek.com\/cs\/wp-json\/wp\/v2\/types\/product"}],"replies":[{"embeddable":true,"href":"https:\/\/renaud-reynek.com\/cs\/wp-json\/wp\/v2\/comments?post=6562"}],"wp:featuredmedia":[{"embeddable":true,"href":"https:\/\/renaud-reynek.com\/cs\/wp-json\/wp\/v2\/media\/1360"}],"wp:attachment":[{"href":"https:\/\/renaud-reynek.com\/cs\/wp-json\/wp\/v2\/media?parent=6562"}],"wp:term":[{"taxonomy":"product_brand","embeddable":true,"href":"https:\/\/renaud-reynek.com\/cs\/wp-json\/wp\/v2\/product_brand?post=6562"},{"taxonomy":"product_cat","embeddable":true,"href":"https:\/\/renaud-reynek.com\/cs\/wp-json\/wp\/v2\/product_cat?post=6562"},{"taxonomy":"product_tag","embeddable":true,"href":"https:\/\/renaud-reynek.com\/cs\/wp-json\/wp\/v2\/product_tag?post=6562"}],"curies":[{"name":"wp","href":"https:\/\/api.w.org\/{rel}","templated":true}]}}