{"id":5433,"date":"2021-01-15T09:06:41","date_gmt":"2021-01-15T08:06:41","guid":{"rendered":"https:\/\/renaud-reynek.com\/suzanne-renaud\/suzanne-renaud-literarni-dilo\/"},"modified":"2021-01-17T15:53:02","modified_gmt":"2021-01-17T14:53:02","slug":"suzanne-renaud-literarni-dilo","status":"publish","type":"page","link":"https:\/\/renaud-reynek.com\/cs\/suzanne-renaud\/suzanne-renaud-literarni-dilo\/","title":{"rendered":"Suzanne Renaud \u2013 Liter\u00e1rn\u00ed d\u00edlo"},"content":{"rendered":"\t\t<div data-elementor-type=\"wp-page\" data-elementor-id=\"5433\" class=\"elementor elementor-5433 elementor-329\" data-elementor-post-type=\"page\">\n\t\t\t\t\t\t<section class=\"elementor-section elementor-top-section elementor-element elementor-element-abcccf6 elementor-section-height-min-height elementor-section-boxed elementor-section-height-default elementor-section-items-middle\" data-id=\"abcccf6\" data-element_type=\"section\" data-e-type=\"section\" data-settings=\"{&quot;background_background&quot;:&quot;classic&quot;}\">\n\t\t\t\t\t\t<div class=\"elementor-container elementor-column-gap-default\">\n\t\t\t\t\t<div class=\"elementor-column elementor-col-100 elementor-top-column elementor-element elementor-element-f468cef\" data-id=\"f468cef\" data-element_type=\"column\" data-e-type=\"column\">\n\t\t\t<div class=\"elementor-widget-wrap elementor-element-populated\">\n\t\t\t\t\t\t<div class=\"elementor-element elementor-element-35afa2d elementor-align-left elementor-widget elementor-widget-breadcrumbs\" data-id=\"35afa2d\" data-element_type=\"widget\" data-e-type=\"widget\" data-widget_type=\"breadcrumbs.default\">\n\t\t\t\t<div class=\"elementor-widget-container\">\n\t\t\t\t\t<p id=\"breadcrumbs\">\tVous \u00eates ici :\n<span><span><a href=\"https:\/\/renaud-reynek.com\/cs\/\">Accueil<\/a><\/span><\/span><\/p>\t\t\t\t<\/div>\n\t\t\t\t<\/div>\n\t\t\t\t<div class=\"elementor-element elementor-element-8ab7769 elementor-widget elementor-widget-heading\" data-id=\"8ab7769\" data-element_type=\"widget\" data-e-type=\"widget\" data-widget_type=\"heading.default\">\n\t\t\t\t<div class=\"elementor-widget-container\">\n\t\t\t\t\t<h2 class=\"elementor-heading-title elementor-size-default\">Suzanne Renaud<\/h2>\t\t\t\t<\/div>\n\t\t\t\t<\/div>\n\t\t\t\t<div class=\"elementor-element elementor-element-decfe8c elementor-widget elementor-widget-heading\" data-id=\"decfe8c\" data-element_type=\"widget\" data-e-type=\"widget\" data-widget_type=\"heading.default\">\n\t\t\t\t<div class=\"elementor-widget-container\">\n\t\t\t\t\t<h3 class=\"elementor-heading-title elementor-size-default\">Lyon 1889 - Havl\u00ed\u010dk\u016fv Brod 1964<\/h3>\t\t\t\t<\/div>\n\t\t\t\t<\/div>\n\t\t\t\t\t<\/div>\n\t\t<\/div>\n\t\t\t\t\t<\/div>\n\t\t<\/section>\n\t\t\t\t<section class=\"elementor-section elementor-top-section elementor-element elementor-element-115e6ca elementor-section-boxed elementor-section-height-default elementor-section-height-default\" data-id=\"115e6ca\" data-element_type=\"section\" data-e-type=\"section\">\n\t\t\t\t\t\t<div class=\"elementor-container elementor-column-gap-default\">\n\t\t\t\t\t<div class=\"elementor-column elementor-col-50 elementor-top-column elementor-element elementor-element-ca13fb7\" data-id=\"ca13fb7\" data-element_type=\"column\" data-e-type=\"column\" id=\"sticky\">\n\t\t\t<div class=\"elementor-widget-wrap elementor-element-populated\">\n\t\t\t\t\t\t<div class=\"elementor-element elementor-element-211ca49 elementor-widget elementor-widget-global elementor-global-1129 elementor-widget-wp-widget-nav_menu\" data-id=\"211ca49\" data-element_type=\"widget\" data-e-type=\"widget\" data-widget_type=\"wp-widget-nav_menu.default\">\n\t\t\t\t<div class=\"elementor-widget-container\">\n\t\t\t\t\t<nav class=\"menu-menu-sidebar-tcheque-container\" aria-label=\"Menu\"><ul id=\"menu-menu-sidebar-tcheque\" class=\"menu\"><li id=\"menu-item-4418\" class=\"menu-item menu-item-type-post_type menu-item-object-page menu-item-has-children menu-item-4418\"><a href=\"https:\/\/renaud-reynek.com\/cs\/suzanne-renaud\/\"><span style=\"text-decoration: underline; color: #191970\">Suzanne RENAUD<\/span><\/a>\n<ul class=\"sub-menu\">\n\t<li id=\"menu-item-8837\" class=\"menu-item menu-item-type-post_type menu-item-object-page menu-item-8837\"><a href=\"https:\/\/renaud-reynek.com\/cs\/suzanne-renaud\/suzanne-renaud-zivotni-udaje\/\">Bibliografick\u00e9 \u00fadaje<\/a><\/li>\n\t<li id=\"menu-item-5446\" class=\"menu-item menu-item-type-post_type menu-item-object-page menu-item-5446\"><a href=\"https:\/\/renaud-reynek.com\/cs\/suzanne-renaud\/suzanne-renaud-literarni-dilo\/\">Liter\u00e1rn\u00ed d\u00edlo<\/a><\/li>\n\t<li id=\"menu-item-5551\" class=\"menu-item menu-item-type-post_type menu-item-object-page menu-item-5551\"><a href=\"https:\/\/renaud-reynek.com\/cs\/suzanne-renaud\/suzanne-renaud-basne\/\">B\u00e1sn\u011b<\/a><\/li>\n<\/ul>\n<\/li>\n<li id=\"menu-item-4419\" class=\"sidebar-titre menu-item menu-item-type-post_type menu-item-object-page menu-item-has-children menu-item-4419\"><a href=\"https:\/\/renaud-reynek.com\/cs\/bohuslav-reynek\/\"><span style=\"text-decoration: underline; color: #191970\">Bohuslav REYNEK<\/span><\/a>\n<ul class=\"sub-menu\">\n\t<li id=\"menu-item-5646\" class=\"menu-item menu-item-type-post_type menu-item-object-page menu-item-5646\"><a href=\"https:\/\/renaud-reynek.com\/cs\/bohuslav-reynek\/zivotni-udaje\/\">Bibliografick\u00e9 \u00fadaje<\/a><\/li>\n\t<li id=\"menu-item-5632\" class=\"menu-item menu-item-type-post_type menu-item-object-page menu-item-5632\"><a href=\"https:\/\/renaud-reynek.com\/cs\/bohuslav-reynek\/bohuslav-reynek-literarni-dilo\/\">Liter\u00e1rn\u00ed d\u00edlo<\/a><\/li>\n\t<li id=\"menu-item-5644\" class=\"menu-item menu-item-type-post_type menu-item-object-page menu-item-5644\"><a href=\"https:\/\/renaud-reynek.com\/cs\/bohuslav-reynek\/bohuslav-reynek-basne\/\">B\u00e1sn\u011b<\/a><\/li>\n\t<li id=\"menu-item-4420\" class=\"menu-item menu-item-type-post_type menu-item-object-page menu-item-4420\"><a href=\"https:\/\/renaud-reynek.com\/cs\/bohuslav-reynek\/bohuslav-reynek-graficke-dilo\/\">Grafick\u00e9 d\u00edlo<\/a><\/li>\n\t<li id=\"menu-item-4421\" class=\"menu-item menu-item-type-post_type menu-item-object-page menu-item-4421\"><a href=\"https:\/\/renaud-reynek.com\/cs\/bohuslav-reynek\/bohuslav-reynek-katalog-raisonne\/\">Katalog raisonn\u00e9<\/a><\/li>\n<\/ul>\n<\/li>\n<li id=\"menu-item-6144\" class=\"menu-item menu-item-type-post_type menu-item-object-page menu-item-6144\"><a href=\"https:\/\/renaud-reynek.com\/cs\/katalog-nakladatelstvi\/\"><span style=\"text-decoration: underline; color: #191970\">Katalog nakladatelstv\u00ed<\/span><\/a><\/li>\n<li id=\"menu-item-4426\" class=\"sidebar-titre menu-item menu-item-type-post_type menu-item-object-page menu-item-has-children menu-item-4426\"><a href=\"https:\/\/renaud-reynek.com\/cs\/aktuality\/\"><span style=\"text-decoration: underline; color: #191970\">Aktuality<\/span><\/a>\n<ul class=\"sub-menu\">\n\t<li id=\"menu-item-7711\" class=\"menu-item menu-item-type-post_type menu-item-object-page menu-item-7711\"><a href=\"https:\/\/renaud-reynek.com\/cs\/aktuality\/pripravujeme\/\">P\u0159ipravujeme<\/a><\/li>\n\t<li id=\"menu-item-7710\" class=\"menu-item menu-item-type-post_type menu-item-object-page menu-item-7710\"><a href=\"https:\/\/renaud-reynek.com\/cs\/aktuality\/aktuality\/\">Zpr\u00e1vy<\/a><\/li>\n<\/ul>\n<\/li>\n<li id=\"menu-item-4422\" class=\"sidebar-titre menu-item menu-item-type-post_type menu-item-object-page menu-item-has-children menu-item-4422\"><a href=\"https:\/\/renaud-reynek.com\/cs\/romarin\/\"><span style=\"text-decoration: underline; color: #191970\">Romarin<\/span><\/a>\n<ul class=\"sub-menu\">\n\t<li id=\"menu-item-4423\" class=\"menu-item menu-item-type-post_type menu-item-object-page menu-item-4423\"><a href=\"https:\/\/renaud-reynek.com\/cs\/romarin\/publikace-on-line\/\">Publikace on-line<\/a><\/li>\n\t<li id=\"menu-item-5660\" class=\"menu-item menu-item-type-post_type menu-item-object-page menu-item-5660\"><a href=\"https:\/\/renaud-reynek.com\/cs\/romarin\/archiv\/\">Archiv<\/a><\/li>\n\t<li id=\"menu-item-4424\" class=\"bulletin-adhesion menu-item menu-item-type-custom menu-item-object-custom menu-item-4424\"><a>St\u00e1t se \u010dlenem<\/a><\/li>\n<\/ul>\n<\/li>\n<li id=\"menu-item-4425\" class=\"sidebar-titre menu-item menu-item-type-post_type menu-item-object-page menu-item-has-children menu-item-4425\"><a href=\"https:\/\/renaud-reynek.com\/cs\/dotation-renaud-reynek\/\"><span style=\"text-decoration: underline; color: #191970\">Nadace Renaud Reynek<\/span><\/a>\n<ul class=\"sub-menu\">\n\t<li id=\"menu-item-5663\" class=\"menu-item menu-item-type-post_type menu-item-object-page menu-item-5663\"><a href=\"https:\/\/renaud-reynek.com\/cs\/dotation-renaud-reynek\/nadace-renaud-reynek-vystavy-drr-2013\/\">V\u00fdstavy DRR<\/a><\/li>\n\t<li id=\"menu-item-5661\" class=\"menu-item menu-item-type-post_type menu-item-object-page menu-item-5661\"><a href=\"https:\/\/renaud-reynek.com\/cs\/dotation-renaud-reynek\/nadace-renaud-reynek-fototeka-drr\/\">Fotot\u00e9ka DRR<\/a><\/li>\n\t<li id=\"menu-item-5662\" class=\"menu-item menu-item-type-post_type menu-item-object-page menu-item-5662\"><a href=\"https:\/\/renaud-reynek.com\/cs\/dotation-renaud-reynek\/nadace-renaud-reynek\/\">Knihovna DRR<\/a><\/li>\n<\/ul>\n<\/li>\n<li id=\"menu-item-4427\" class=\"sidebar-titre menu-item menu-item-type-post_type menu-item-object-page menu-item-4427\"><a href=\"https:\/\/renaud-reynek.com\/cs\/kontakt\/\"><span style=\"text-decoration: underline; color: #191970\">Kontakt<\/span><\/a><\/li>\n<li id=\"menu-item-4428\" class=\"sidebar-titre menu-item menu-item-type-custom menu-item-object-custom menu-item-4428\"><a><a style=\"text-decoration: underline; color: #191970;\" href=\"http:\/\/catalogue-bohuslavreynek.com\/fmi\/iwp\/cgi?dbpath=%2Ffmi%2Fiwp%2Fcgi%3F-db%3DCatalogue_Reynek%26-startsession&#038;acct=account&#038;name=Web&#038;password=Web&#038;login=Login&#038;-authdb\" target=\"_blank\" rel=\"noopener noreferrer\">Catalogue raisonn\u00e9 Reynek (P\u0159\u00edm\u00fd p\u0159\u00edstup)<\/a><\/a><\/li>\n<\/ul><\/nav>\t\t\t\t<\/div>\n\t\t\t\t<\/div>\n\t\t\t\t\t<\/div>\n\t\t<\/div>\n\t\t\t\t<div class=\"elementor-column elementor-col-50 elementor-top-column elementor-element elementor-element-9ed03c8\" data-id=\"9ed03c8\" data-element_type=\"column\" data-e-type=\"column\">\n\t\t\t<div class=\"elementor-widget-wrap elementor-element-populated\">\n\t\t\t\t\t\t<section class=\"elementor-section elementor-inner-section elementor-element elementor-element-288c20e elementor-section-boxed elementor-section-height-default elementor-section-height-default\" data-id=\"288c20e\" data-element_type=\"section\" data-e-type=\"section\">\n\t\t\t\t\t\t<div class=\"elementor-container elementor-column-gap-default\">\n\t\t\t\t\t<div class=\"elementor-column elementor-col-100 elementor-inner-column elementor-element elementor-element-6e6c394\" data-id=\"6e6c394\" data-element_type=\"column\" data-e-type=\"column\">\n\t\t\t<div class=\"elementor-widget-wrap elementor-element-populated\">\n\t\t\t\t\t\t<div class=\"elementor-element elementor-element-e2d7f8d elementor-widget__width-auto elementor-widget elementor-widget-heading\" data-id=\"e2d7f8d\" data-element_type=\"widget\" data-e-type=\"widget\" data-widget_type=\"heading.default\">\n\t\t\t\t<div class=\"elementor-widget-container\">\n\t\t\t\t\t<h2 class=\"elementor-heading-title elementor-size-default\">Liter\u00e1rn\u00ed d\u00edlo<\/h2>\t\t\t\t<\/div>\n\t\t\t\t<\/div>\n\t\t\t\t<div class=\"elementor-element elementor-element-64f2cff elementor-widget-divider--view-line elementor-widget elementor-widget-divider\" data-id=\"64f2cff\" data-element_type=\"widget\" data-e-type=\"widget\" data-widget_type=\"divider.default\">\n\t\t\t\t<div class=\"elementor-widget-container\">\n\t\t\t\t\t\t\t<div class=\"elementor-divider\">\n\t\t\t<span class=\"elementor-divider-separator\">\n\t\t\t\t\t\t<\/span>\n\t\t<\/div>\n\t\t\t\t\t\t<\/div>\n\t\t\t\t<\/div>\n\t\t\t\t\t<\/div>\n\t\t<\/div>\n\t\t\t\t\t<\/div>\n\t\t<\/section>\n\t\t\t\t<section class=\"elementor-section elementor-inner-section elementor-element elementor-element-b6d28e2 elementor-section-boxed elementor-section-height-default elementor-section-height-default\" data-id=\"b6d28e2\" data-element_type=\"section\" data-e-type=\"section\">\n\t\t\t\t\t\t<div class=\"elementor-container elementor-column-gap-default\">\n\t\t\t\t\t<div class=\"elementor-column elementor-col-100 elementor-inner-column elementor-element elementor-element-c1d6368\" data-id=\"c1d6368\" data-element_type=\"column\" data-e-type=\"column\">\n\t\t\t<div class=\"elementor-widget-wrap elementor-element-populated\">\n\t\t\t\t\t\t<div class=\"elementor-element elementor-element-f836348 elementor-tabs-view-horizontal elementor-widget elementor-widget-tabs\" data-id=\"f836348\" data-element_type=\"widget\" data-e-type=\"widget\" data-widget_type=\"tabs.default\">\n\t\t\t\t<div class=\"elementor-widget-container\">\n\t\t\t\t\t\t\t<div class=\"elementor-tabs\">\n\t\t\t<div class=\"elementor-tabs-wrapper\" role=\"tablist\" >\n\t\t\t\t\t\t\t\t\t<div id=\"elementor-tab-title-2601\" class=\"elementor-tab-title elementor-tab-desktop-title\" aria-selected=\"true\" data-tab=\"1\" role=\"tab\" tabindex=\"0\" aria-controls=\"elementor-tab-content-2601\" aria-expanded=\"false\">B\u00e1snick\u00e9 d\u00edlo<\/div>\n\t\t\t\t\t\t\t\t\t<div id=\"elementor-tab-title-2602\" class=\"elementor-tab-title elementor-tab-desktop-title\" aria-selected=\"false\" data-tab=\"2\" role=\"tab\" tabindex=\"-1\" aria-controls=\"elementor-tab-content-2602\" aria-expanded=\"false\">Posmrtn\u011b vydan\u00e9 sb\u00edrky<\/div>\n\t\t\t\t\t\t\t\t\t<div id=\"elementor-tab-title-2603\" class=\"elementor-tab-title elementor-tab-desktop-title\" aria-selected=\"false\" data-tab=\"3\" role=\"tab\" tabindex=\"-1\" aria-controls=\"elementor-tab-content-2603\" aria-expanded=\"false\">Korespondence<\/div>\n\t\t\t\t\t\t\t\t\t<div id=\"elementor-tab-title-2604\" class=\"elementor-tab-title elementor-tab-desktop-title\" aria-selected=\"false\" data-tab=\"4\" role=\"tab\" tabindex=\"-1\" aria-controls=\"elementor-tab-content-2604\" aria-expanded=\"false\">Souhrnn\u00e1 bibliografie<\/div>\n\t\t\t\t\t\t\t<\/div>\n\t\t\t<div class=\"elementor-tabs-content-wrapper\" role=\"tablist\" aria-orientation=\"vertical\">\n\t\t\t\t\t\t\t\t\t<div class=\"elementor-tab-title elementor-tab-mobile-title\" aria-selected=\"true\" data-tab=\"1\" role=\"tab\" tabindex=\"0\" aria-controls=\"elementor-tab-content-2601\" aria-expanded=\"false\">B\u00e1snick\u00e9 d\u00edlo<\/div>\n\t\t\t\t\t<div id=\"elementor-tab-content-2601\" class=\"elementor-tab-content elementor-clearfix\" data-tab=\"1\" role=\"tabpanel\" aria-labelledby=\"elementor-tab-title-2601\" tabindex=\"0\" hidden=\"false\"><p><span style=\"color: #ea6f35;\">1922<\/span><br \/>\n<em>Ta vie est l\u00e0..<\/em>.<\/p>\n<p><span style=\"color: #ea6f35;\">1926<\/span><br \/>\n<em>Zde tv\u016fj \u017eivot\u2026<\/em> [<em>Ta vie est l\u00e0\u2026<\/em>]<\/p>\n<p><span style=\"color: #ea6f35;\">1932<\/span><br \/>\n<em>Ailes de cendre<\/em><\/p>\n<p><span style=\"color: #ea6f35;\">1933<\/span><br \/>\n<em>Po\u00e9sies<\/em><\/p>\n<p><span style=\"color: #ea6f35;\">1935<\/span><br \/>\n<em>K\u0159\u00eddla z popele<\/em> [<em>Ailes de cendre<\/em>]<\/p>\n<p><span style=\"color: #ea6f35;\">1939<\/span><br \/>\n<em>Corbeaux \u2013 Vr\u00e1ny<\/em><br \/>\n<em>Victimae laudes<\/em><br \/>\n<em>No\u00ebl \u2013 V\u00e1noce<\/em><\/p>\n<p><span style=\"color: #ea6f35;\">1941<\/span><br \/>\n<em>Ailes de cendre \u2013 K\u0159\u00eddla z popele<\/em><\/p>\n<p><span style=\"color: #ea6f35;\">1947<\/span><br \/>\n<em>Dve\u0159e v p\u0159\u00edtm\u00ed<\/em> [<em>La porte grise<\/em>]<\/p>\n<p><span style=\"color: #ea6f35;\">1948<\/span><br \/>\n<em>Chv\u00e1la ob\u011bti<\/em> [<em>Victimae laudes<\/em>]<\/p>\n<\/div>\n\t\t\t\t\t\t\t\t\t<div class=\"elementor-tab-title elementor-tab-mobile-title\" aria-selected=\"false\" data-tab=\"2\" role=\"tab\" tabindex=\"-1\" aria-controls=\"elementor-tab-content-2602\" aria-expanded=\"false\">Posmrtn\u011b vydan\u00e9 sb\u00edrky<\/div>\n\t\t\t\t\t<div id=\"elementor-tab-content-2602\" class=\"elementor-tab-content elementor-clearfix\" data-tab=\"2\" role=\"tabpanel\" aria-labelledby=\"elementor-tab-title-2602\" tabindex=\"0\" hidden=\"hidden\"><p><strong>Sb\u00edrky vydan\u00e9 posmrtn\u011b v \u010ceskoslovensku<\/strong><\/p>\n<p><span style=\"color: #ea6f35;\">1965<\/span><br \/>\n<em>Entre chien et loup \u2013 Mezi psem a vlkem<\/em><br \/>\n<em>Les champignons \u2013 Houby<\/em><\/p>\n<p><span style=\"color: #ea6f35;\">1969<\/span><br \/>\n<em>Tv\u00e9 prsty \u2013 Tes doigts<\/em><\/p>\n<p><span style=\"color: #ea6f35;\">1970<\/span><br \/>\n<em>\u010cas kopretin<\/em> [<em>Le temps des marguerites<\/em>]<\/p>\n<p><span style=\"color: #ea6f35;\">1982<\/span><br \/>\n<em>Tu\u0161en\u00fd \u00fasvit \u2013 L\u2019Aurore invisible<\/em><\/p>\n<p><span style=\"color: #ea6f35;\">1992<\/span><br \/>\n<em>Dve\u0159e v p\u0159\u00edtm\u00ed<\/em> [<em>La porte grise<\/em>]<\/p>\n<p><span style=\"color: #ea6f35;\">1992<\/span><br \/>\n<em>Vers l\u2019automne \u2013 K podzimu<\/em><\/p>\n<p><strong>Sb\u00edrky vydan\u00e9 posmrtn\u011b ve Francii (b\u00e1sn\u011b a p\u0159eklady z \u010de\u0161tiny)<\/strong><\/p>\n<p><span style=\"color: #ea6f35;\">1986<\/span><br \/>\n<em>Ailes de cendre et autres po\u00e8mes<\/em><\/p>\n<p><span style=\"color: #ea6f35;\">1989<\/span><br \/>\n<em>Nocturnes<\/em><\/p>\n<p><span style=\"color: #ea6f35;\">1992<\/span><br \/>\n<em>Romarin ou Annette et Jean<\/em><\/p>\n<p><span style=\"color: #ea6f35;\">1995<\/span><br \/>\n<em>\u0152uvres \u2013 D\u00edlo. L\u2019\u0153uvre po\u00e9tique de Suzanne Renaud traduite par Bohuslav Reynek<br \/>\n<\/em><\/p>\n<p><span style=\"color: #ea6f35;\">1998<\/span><br \/>\n<em>D\u011btem \u2013 Un po\u00e8te parle aux enfants<\/em><\/p>\n<p><span style=\"color: #ea6f35;\">1999<\/span><br \/>\n<em>\u0152uvres. Les gonds du silence<\/em><\/p>\n<p><span style=\"color: #ea6f35;\">2002<\/span><br \/>\n<em>Romarin ou Annette et Jean<\/em><\/p>\n<p><span style=\"color: #ea6f35;\">2002<\/span><br \/>\n<em>Basn\u011b \u2013 Quelques po\u00e8mes<\/em><\/p>\n<p><span style=\"color: #ea6f35;\">2004<\/span><br \/>\n<em>La lune et le givre \u2013 M\u011bsic a j\u00edn\u00ed<\/em><\/p>\n<\/div>\n\t\t\t\t\t\t\t\t\t<div class=\"elementor-tab-title elementor-tab-mobile-title\" aria-selected=\"false\" data-tab=\"3\" role=\"tab\" tabindex=\"-1\" aria-controls=\"elementor-tab-content-2603\" aria-expanded=\"false\">Korespondence<\/div>\n\t\t\t\t\t<div id=\"elementor-tab-content-2603\" class=\"elementor-tab-content elementor-clearfix\" data-tab=\"3\" role=\"tabpanel\" aria-labelledby=\"elementor-tab-title-2603\" tabindex=\"0\" hidden=\"hidden\"><p><span style=\"color: #ea6f35;\">1996<\/span><br \/>\n<em>Suzanne Renaud Bohuslavu Reynkovi, Dopisy 1923-1926,<\/em><br \/>\n<em>Suzanne Renaud \u00e0 Bohuslav Reynek, Lettres 1923-1926<\/em><\/p>\n<p><span style=\"color: #ea6f35;\">2001<\/span><br \/>\nSuzanne Renaud \u2013 Henri Pourrat.<em> Correspondance (1947-1959)<\/em><\/p>\n<p><span style=\"color: #ea6f35;\">2014<\/span><br \/>\n<em>Lettres \u00e0 Suzon \u2013 Dopisy Suzon (1947-1963)<\/em><\/p>\n<p><img fetchpriority=\"high\" decoding=\"async\" class=\"alignnone wp-image-364 size-medium\" src=\"https:\/\/renaud-reynek.com\/wp-content\/uploads\/2020\/01\/dedicace_Henri-Pourrat-e1418494521216-207x300.jpg\" alt=\"\" width=\"207\" height=\"300\" srcset=\"https:\/\/renaud-reynek.com\/wp-content\/uploads\/2020\/01\/dedicace_Henri-Pourrat-e1418494521216-207x300.jpg 207w, https:\/\/renaud-reynek.com\/wp-content\/uploads\/2020\/01\/dedicace_Henri-Pourrat-e1418494521216.jpg 250w\" sizes=\"(max-width: 207px) 100vw, 207px\" \/><\/p>\n<\/div>\n\t\t\t\t\t\t\t\t\t<div class=\"elementor-tab-title elementor-tab-mobile-title\" aria-selected=\"false\" data-tab=\"4\" role=\"tab\" tabindex=\"-1\" aria-controls=\"elementor-tab-content-2604\" aria-expanded=\"false\">Souhrnn\u00e1 bibliografie<\/div>\n\t\t\t\t\t<div id=\"elementor-tab-content-2604\" class=\"elementor-tab-content elementor-clearfix\" data-tab=\"4\" role=\"tabpanel\" aria-labelledby=\"elementor-tab-title-2604\" tabindex=\"0\" hidden=\"hidden\"><p><a id=\"lien-hover-orange\" href=\"https:\/\/renaud-reynek.com\/wp-content\/uploads\/2021\/01\/bibliographieSR_cs.pdf\" target=\"_blank\" rel=\"noopener\">Souhrnn\u00e1 bibliografie<br \/>\n<\/a><\/p>\n<p><img decoding=\"async\" class=\"size-medium wp-image-368\" src=\"https:\/\/renaud-reynek.com\/wp-content\/uploads\/2020\/01\/poemeTraduction-300x246.jpg\" alt=\"\" width=\"300\" height=\"246\" srcset=\"https:\/\/renaud-reynek.com\/wp-content\/uploads\/2020\/01\/poemeTraduction-300x246.jpg 300w, https:\/\/renaud-reynek.com\/wp-content\/uploads\/2020\/01\/poemeTraduction.jpg 580w\" sizes=\"(max-width: 300px) 100vw, 300px\" \/><\/p>\n<\/div>\n\t\t\t\t\t\t\t<\/div>\n\t\t<\/div>\n\t\t\t\t\t\t<\/div>\n\t\t\t\t<\/div>\n\t\t\t\t<div class=\"elementor-element elementor-element-f95e55a elementor-widget elementor-widget-spacer\" data-id=\"f95e55a\" data-element_type=\"widget\" data-e-type=\"widget\" data-widget_type=\"spacer.default\">\n\t\t\t\t<div class=\"elementor-widget-container\">\n\t\t\t\t\t\t\t<div class=\"elementor-spacer\">\n\t\t\t<div class=\"elementor-spacer-inner\"><\/div>\n\t\t<\/div>\n\t\t\t\t\t\t<\/div>\n\t\t\t\t<\/div>\n\t\t\t\t\t<\/div>\n\t\t<\/div>\n\t\t\t\t\t<\/div>\n\t\t<\/section>\n\t\t\t\t\t<\/div>\n\t\t<\/div>\n\t\t\t\t\t<\/div>\n\t\t<\/section>\n\t\t\t\t<\/div>\n\t\t","protected":false},"excerpt":{"rendered":"<p>Suzanne Renaud Lyon 1889 &#8211; Havl\u00ed\u010dk\u016fv Brod 1964 Liter\u00e1rn\u00ed d\u00edlo B\u00e1snick\u00e9 d\u00edlo Posmrtn\u011b vydan\u00e9 sb\u00edrky Korespondence Souhrnn\u00e1 bibliografie B\u00e1snick\u00e9 d\u00edlo 1922 Ta vie est l\u00e0&#8230; 1926 Zde tv\u016fj \u017eivot\u2026 [Ta vie est l\u00e0\u2026] 1932 Ailes de cendre 1933 Po\u00e9sies 1935 K\u0159\u00eddla z popele [Ailes de cendre] 1939 Corbeaux \u2013 Vr\u00e1ny Victimae laudes No\u00ebl \u2013 V\u00e1noce [&#8230;]<\/p>\n","protected":false},"author":1,"featured_media":0,"parent":2141,"menu_order":0,"comment_status":"closed","ping_status":"closed","template":"","meta":{"_acf_changed":false,"footnotes":""},"class_list":["post-5433","page","type-page","status-publish","hentry"],"acf":[],"yoast_head":"<!-- This site is optimized with the Yoast SEO plugin v27.4 - https:\/\/yoast.com\/product\/yoast-seo-wordpress\/ -->\n<title>Les Amis de Suzanne Renaud &amp; Bohuslav Reynek - Suzanne Renaud \u2013 Liter\u00e1rn\u00ed d\u00edlo<\/title>\n<meta name=\"description\" content=\"Site de l&#039;Association Romarin. D\u00e9couvrez les \u0153uvres du graveur tch\u00e8que Bohuslav Reynek et de Suzanne Renaud, po\u00e8te, son \u00e9pouse grenobloise.\" \/>\n<meta name=\"robots\" content=\"index, follow, max-snippet:-1, max-image-preview:large, max-video-preview:-1\" \/>\n<link rel=\"canonical\" href=\"https:\/\/renaud-reynek.com\/cs\/suzanne-renaud\/suzanne-renaud-literarni-dilo\/\" \/>\n<meta property=\"og:locale\" content=\"cs_CZ\" \/>\n<meta property=\"og:type\" content=\"article\" \/>\n<meta property=\"og:title\" content=\"Les Amis de Suzanne Renaud &amp; Bohuslav Reynek - Suzanne Renaud \u2013 Liter\u00e1rn\u00ed d\u00edlo\" \/>\n<meta property=\"og:description\" content=\"Site de l&#039;Association Romarin. D\u00e9couvrez les \u0153uvres du graveur tch\u00e8que Bohuslav Reynek et de Suzanne Renaud, po\u00e8te, son \u00e9pouse grenobloise.\" \/>\n<meta property=\"og:url\" content=\"https:\/\/renaud-reynek.com\/cs\/suzanne-renaud\/suzanne-renaud-literarni-dilo\/\" \/>\n<meta property=\"og:site_name\" content=\"Association Romarin\" \/>\n<meta property=\"article:modified_time\" content=\"2021-01-17T14:53:02+00:00\" \/>\n<meta property=\"og:image\" content=\"https:\/\/renaud-reynek.com\/wp-content\/uploads\/2020\/01\/dedicace_Henri-Pourrat-e1418494521216-207x300.jpg\" \/>\n<meta name=\"twitter:card\" content=\"summary_large_image\" \/>\n<meta name=\"twitter:label1\" content=\"Odhadovan\u00e1 doba \u010dten\u00ed\" \/>\n\t<meta name=\"twitter:data1\" content=\"1 minuta\" \/>\n<script type=\"application\/ld+json\" class=\"yoast-schema-graph\">{\"@context\":\"https:\\\/\\\/schema.org\",\"@graph\":[{\"@type\":\"WebPage\",\"@id\":\"https:\\\/\\\/renaud-reynek.com\\\/cs\\\/suzanne-renaud\\\/suzanne-renaud-literarni-dilo\\\/\",\"url\":\"https:\\\/\\\/renaud-reynek.com\\\/cs\\\/suzanne-renaud\\\/suzanne-renaud-literarni-dilo\\\/\",\"name\":\"Les Amis de Suzanne Renaud & Bohuslav Reynek - Suzanne Renaud \u2013 Liter\u00e1rn\u00ed d\u00edlo\",\"isPartOf\":{\"@id\":\"https:\\\/\\\/renaud-reynek.com\\\/cs\\\/#website\"},\"primaryImageOfPage\":{\"@id\":\"https:\\\/\\\/renaud-reynek.com\\\/cs\\\/suzanne-renaud\\\/suzanne-renaud-literarni-dilo\\\/#primaryimage\"},\"image\":{\"@id\":\"https:\\\/\\\/renaud-reynek.com\\\/cs\\\/suzanne-renaud\\\/suzanne-renaud-literarni-dilo\\\/#primaryimage\"},\"thumbnailUrl\":\"https:\\\/\\\/renaud-reynek.com\\\/wp-content\\\/uploads\\\/2020\\\/01\\\/dedicace_Henri-Pourrat-e1418494521216-207x300.jpg\",\"datePublished\":\"2021-01-15T08:06:41+00:00\",\"dateModified\":\"2021-01-17T14:53:02+00:00\",\"description\":\"Site de l'Association Romarin. D\u00e9couvrez les \u0153uvres du graveur tch\u00e8que Bohuslav Reynek et de Suzanne Renaud, po\u00e8te, son \u00e9pouse grenobloise.\",\"breadcrumb\":{\"@id\":\"https:\\\/\\\/renaud-reynek.com\\\/cs\\\/suzanne-renaud\\\/suzanne-renaud-literarni-dilo\\\/#breadcrumb\"},\"inLanguage\":\"cs\",\"potentialAction\":[{\"@type\":\"ReadAction\",\"target\":[\"https:\\\/\\\/renaud-reynek.com\\\/cs\\\/suzanne-renaud\\\/suzanne-renaud-literarni-dilo\\\/\"]}]},{\"@type\":\"ImageObject\",\"inLanguage\":\"cs\",\"@id\":\"https:\\\/\\\/renaud-reynek.com\\\/cs\\\/suzanne-renaud\\\/suzanne-renaud-literarni-dilo\\\/#primaryimage\",\"url\":\"https:\\\/\\\/renaud-reynek.com\\\/wp-content\\\/uploads\\\/2020\\\/01\\\/dedicace_Henri-Pourrat-e1418494521216-207x300.jpg\",\"contentUrl\":\"https:\\\/\\\/renaud-reynek.com\\\/wp-content\\\/uploads\\\/2020\\\/01\\\/dedicace_Henri-Pourrat-e1418494521216-207x300.jpg\"},{\"@type\":\"BreadcrumbList\",\"@id\":\"https:\\\/\\\/renaud-reynek.com\\\/cs\\\/suzanne-renaud\\\/suzanne-renaud-literarni-dilo\\\/#breadcrumb\",\"itemListElement\":[{\"@type\":\"ListItem\",\"position\":1,\"name\":\"Accueil\",\"item\":\"https:\\\/\\\/renaud-reynek.com\\\/cs\\\/\"},{\"@type\":\"ListItem\",\"position\":2,\"name\":\"Suzanne RENAUD\",\"item\":\"https:\\\/\\\/renaud-reynek.com\\\/cs\\\/suzanne-renaud\\\/\"},{\"@type\":\"ListItem\",\"position\":3,\"name\":\"Suzanne Renaud \u2013 Liter\u00e1rn\u00ed d\u00edlo\"}]},{\"@type\":\"WebSite\",\"@id\":\"https:\\\/\\\/renaud-reynek.com\\\/cs\\\/#website\",\"url\":\"https:\\\/\\\/renaud-reynek.com\\\/cs\\\/\",\"name\":\"Association Romarin\",\"description\":\"Les Amis de Suzanne Renaud et Bohuslav Reynek\",\"potentialAction\":[{\"@type\":\"SearchAction\",\"target\":{\"@type\":\"EntryPoint\",\"urlTemplate\":\"https:\\\/\\\/renaud-reynek.com\\\/cs\\\/?s={search_term_string}\"},\"query-input\":{\"@type\":\"PropertyValueSpecification\",\"valueRequired\":true,\"valueName\":\"search_term_string\"}}],\"inLanguage\":\"cs\"}]}<\/script>\n<!-- \/ Yoast SEO plugin. -->","yoast_head_json":{"title":"Les Amis de Suzanne Renaud & Bohuslav Reynek - Suzanne Renaud \u2013 Liter\u00e1rn\u00ed d\u00edlo","description":"Site de l'Association Romarin. D\u00e9couvrez les \u0153uvres du graveur tch\u00e8que Bohuslav Reynek et de Suzanne Renaud, po\u00e8te, son \u00e9pouse grenobloise.","robots":{"index":"index","follow":"follow","max-snippet":"max-snippet:-1","max-image-preview":"max-image-preview:large","max-video-preview":"max-video-preview:-1"},"canonical":"https:\/\/renaud-reynek.com\/cs\/suzanne-renaud\/suzanne-renaud-literarni-dilo\/","og_locale":"cs_CZ","og_type":"article","og_title":"Les Amis de Suzanne Renaud & Bohuslav Reynek - Suzanne Renaud \u2013 Liter\u00e1rn\u00ed d\u00edlo","og_description":"Site de l'Association Romarin. D\u00e9couvrez les \u0153uvres du graveur tch\u00e8que Bohuslav Reynek et de Suzanne Renaud, po\u00e8te, son \u00e9pouse grenobloise.","og_url":"https:\/\/renaud-reynek.com\/cs\/suzanne-renaud\/suzanne-renaud-literarni-dilo\/","og_site_name":"Association Romarin","article_modified_time":"2021-01-17T14:53:02+00:00","og_image":[{"url":"https:\/\/renaud-reynek.com\/wp-content\/uploads\/2020\/01\/dedicace_Henri-Pourrat-e1418494521216-207x300.jpg","type":"","width":"","height":""}],"twitter_card":"summary_large_image","twitter_misc":{"Odhadovan\u00e1 doba \u010dten\u00ed":"1 minuta"},"schema":{"@context":"https:\/\/schema.org","@graph":[{"@type":"WebPage","@id":"https:\/\/renaud-reynek.com\/cs\/suzanne-renaud\/suzanne-renaud-literarni-dilo\/","url":"https:\/\/renaud-reynek.com\/cs\/suzanne-renaud\/suzanne-renaud-literarni-dilo\/","name":"Les Amis de Suzanne Renaud & Bohuslav Reynek - Suzanne Renaud \u2013 Liter\u00e1rn\u00ed d\u00edlo","isPartOf":{"@id":"https:\/\/renaud-reynek.com\/cs\/#website"},"primaryImageOfPage":{"@id":"https:\/\/renaud-reynek.com\/cs\/suzanne-renaud\/suzanne-renaud-literarni-dilo\/#primaryimage"},"image":{"@id":"https:\/\/renaud-reynek.com\/cs\/suzanne-renaud\/suzanne-renaud-literarni-dilo\/#primaryimage"},"thumbnailUrl":"https:\/\/renaud-reynek.com\/wp-content\/uploads\/2020\/01\/dedicace_Henri-Pourrat-e1418494521216-207x300.jpg","datePublished":"2021-01-15T08:06:41+00:00","dateModified":"2021-01-17T14:53:02+00:00","description":"Site de l'Association Romarin. D\u00e9couvrez les \u0153uvres du graveur tch\u00e8que Bohuslav Reynek et de Suzanne Renaud, po\u00e8te, son \u00e9pouse grenobloise.","breadcrumb":{"@id":"https:\/\/renaud-reynek.com\/cs\/suzanne-renaud\/suzanne-renaud-literarni-dilo\/#breadcrumb"},"inLanguage":"cs","potentialAction":[{"@type":"ReadAction","target":["https:\/\/renaud-reynek.com\/cs\/suzanne-renaud\/suzanne-renaud-literarni-dilo\/"]}]},{"@type":"ImageObject","inLanguage":"cs","@id":"https:\/\/renaud-reynek.com\/cs\/suzanne-renaud\/suzanne-renaud-literarni-dilo\/#primaryimage","url":"https:\/\/renaud-reynek.com\/wp-content\/uploads\/2020\/01\/dedicace_Henri-Pourrat-e1418494521216-207x300.jpg","contentUrl":"https:\/\/renaud-reynek.com\/wp-content\/uploads\/2020\/01\/dedicace_Henri-Pourrat-e1418494521216-207x300.jpg"},{"@type":"BreadcrumbList","@id":"https:\/\/renaud-reynek.com\/cs\/suzanne-renaud\/suzanne-renaud-literarni-dilo\/#breadcrumb","itemListElement":[{"@type":"ListItem","position":1,"name":"Accueil","item":"https:\/\/renaud-reynek.com\/cs\/"},{"@type":"ListItem","position":2,"name":"Suzanne RENAUD","item":"https:\/\/renaud-reynek.com\/cs\/suzanne-renaud\/"},{"@type":"ListItem","position":3,"name":"Suzanne Renaud \u2013 Liter\u00e1rn\u00ed d\u00edlo"}]},{"@type":"WebSite","@id":"https:\/\/renaud-reynek.com\/cs\/#website","url":"https:\/\/renaud-reynek.com\/cs\/","name":"Association Romarin","description":"Les Amis de Suzanne Renaud et Bohuslav Reynek","potentialAction":[{"@type":"SearchAction","target":{"@type":"EntryPoint","urlTemplate":"https:\/\/renaud-reynek.com\/cs\/?s={search_term_string}"},"query-input":{"@type":"PropertyValueSpecification","valueRequired":true,"valueName":"search_term_string"}}],"inLanguage":"cs"}]}},"_links":{"self":[{"href":"https:\/\/renaud-reynek.com\/cs\/wp-json\/wp\/v2\/pages\/5433","targetHints":{"allow":["GET"]}}],"collection":[{"href":"https:\/\/renaud-reynek.com\/cs\/wp-json\/wp\/v2\/pages"}],"about":[{"href":"https:\/\/renaud-reynek.com\/cs\/wp-json\/wp\/v2\/types\/page"}],"author":[{"embeddable":true,"href":"https:\/\/renaud-reynek.com\/cs\/wp-json\/wp\/v2\/users\/1"}],"replies":[{"embeddable":true,"href":"https:\/\/renaud-reynek.com\/cs\/wp-json\/wp\/v2\/comments?post=5433"}],"version-history":[{"count":0,"href":"https:\/\/renaud-reynek.com\/cs\/wp-json\/wp\/v2\/pages\/5433\/revisions"}],"up":[{"embeddable":true,"href":"https:\/\/renaud-reynek.com\/cs\/wp-json\/wp\/v2\/pages\/2141"}],"wp:attachment":[{"href":"https:\/\/renaud-reynek.com\/cs\/wp-json\/wp\/v2\/media?parent=5433"}],"curies":[{"name":"wp","href":"https:\/\/api.w.org\/{rel}","templated":true}]}}